{"version":"1.0","provider_name":"Liga Kobiet Nieoboj\u0119tnych","provider_url":"https:\/\/musil.home.pl\/kobiety-bytom","author_name":"Tintaven","author_url":"https:\/\/musil.home.pl\/kobiety-bytom\/author\/tintaven\/","title":"Archiwum 2020 - Liga Kobiet Nieoboj\u0119tnych","type":"rich","width":600,"height":338,"html":"<blockquote class=\"wp-embedded-content\" data-secret=\"5myzPMiR2u\"><a href=\"https:\/\/musil.home.pl\/kobiety-bytom\/archiwum-2020\/\">Archiwum 2020<\/a><\/blockquote><iframe sandbox=\"allow-scripts\" security=\"restricted\" src=\"https:\/\/musil.home.pl\/kobiety-bytom\/archiwum-2020\/embed\/#?secret=5myzPMiR2u\" width=\"600\" height=\"338\" title=\"&#8222;Archiwum 2020&#8221; &#8212; Liga Kobiet Nieoboj\u0119tnych\" data-secret=\"5myzPMiR2u\" frameborder=\"0\" marginwidth=\"0\" marginheight=\"0\" scrolling=\"no\" class=\"wp-embedded-content\"><\/iframe><script type=\"text\/javascript\">\n\/* <![CDATA[ *\/\n\/*! This file is auto-generated *\/\n!function(d,l){\"use strict\";l.querySelector&&d.addEventListener&&\"undefined\"!=typeof URL&&(d.wp=d.wp||{},d.wp.receiveEmbedMessage||(d.wp.receiveEmbedMessage=function(e){var t=e.data;if((t||t.secret||t.message||t.value)&&!\/[^a-zA-Z0-9]\/.test(t.secret)){for(var s,r,n,a=l.querySelectorAll('iframe[data-secret=\"'+t.secret+'\"]'),o=l.querySelectorAll('blockquote[data-secret=\"'+t.secret+'\"]'),c=new RegExp(\"^https?:$\",\"i\"),i=0;i<o.length;i++)o[i].style.display=\"none\";for(i=0;i<a.length;i++)s=a[i],e.source===s.contentWindow&&(s.removeAttribute(\"style\"),\"height\"===t.message?(1e3<(r=parseInt(t.value,10))?r=1e3:~~r<200&&(r=200),s.height=r):\"link\"===t.message&&(r=new URL(s.getAttribute(\"src\")),n=new URL(t.value),c.test(n.protocol))&&n.host===r.host&&l.activeElement===s&&(d.top.location.href=t.value))}},d.addEventListener(\"message\",d.wp.receiveEmbedMessage,!1),l.addEventListener(\"DOMContentLoaded\",function(){for(var e,t,s=l.querySelectorAll(\"iframe.wp-embedded-content\"),r=0;r<s.length;r++)(t=(e=s[r]).getAttribute(\"data-secret\"))||(t=Math.random().toString(36).substring(2,12),e.src+=\"#?secret=\"+t,e.setAttribute(\"data-secret\",t)),e.contentWindow.postMessage({message:\"ready\",secret:t},\"*\")},!1)))}(window,document);\n\/* ]]> *\/\n<\/script>\n","description":"Protok\u00f3\u0142 z posiedzenia obrad JURY VIII Og\u00f3lnopolskiego Konkursu&nbsp;&nbsp;Pie\u015bni Patriotycznej pod patronatem Ministra Edukacji Narodowej i Prezydenta Miasta Bytomia \u2013 II etap sporz\u0105dzony w dniu:06.11.2020r. w M\u0142odzie\u017cowym Domu Kultury nr 2 w Bytomiu Na konkurs wp\u0142yn\u0119\u0142o&nbsp;&nbsp;286 zg\u0142osze\u0144 z 15 wojew\u00f3dztw. Do oceny powo\u0142ano komisj\u0119 w sk\u0142adzie: &#8211;&nbsp;Aleksandra Stok\u0142osa &#8211; przewodnicz\u0105ca komisji: doktor sztuk muzycznych w dyscyplinie artystycznej wokalistyka na Akademii Muzycznej im. K.&nbsp;Szymanowskiego w Katowicach, &#8211; solistka&nbsp;Opery \u015al\u0105skiej w Bytomiu, -studia uko\u0144czy\u0142a z wyr\u00f3\u017cnieniem w 1997r, w klasie prof. Michaliny Growiec, koncertowa\u0142a na estradach w kraju, bior\u0105c udzia\u0142 m.in. w wykonaniu oper: &#8222;Wesele Figara&#8221; W. A. Mozarta, &#8222;Nap\u00f3j Mi\u0142osny&#8221;&nbsp;G.&nbsp;Donizzettiego,&nbsp;&#8222;Domek Trzech Dziewcz\u0105t&#8221; F. Schuberta, a tak\u017ce w &#8222;Pastora\u0142ce&#8221; L. Schillera i &#8222;Mszy Kreolskiej&#8221; A. Ramireza. W latach 1994-1997 doskonali\u0142a swoj\u0105 technik\u0119 wokaln\u0105 na kursach mistrzowskich we W\u0142oszech pod kierunkiem&nbsp;Katii&nbsp;Ricciarelli. Wsp\u00f3\u0142pracowa\u0142a z Teatrem Muzycznym w Gliwicach gdzie wyst\u0119powa\u0142a w g\u0142\u00f3wnych partiach. Wyst\u0119powa\u0142a w Operze \u015al\u0105skiej wraz z Wies\u0142awem Ochmanem, co zaowocowa\u0142o dalszymi wsp\u00f3lnymi wyst\u0119pami m.in. w Teatrze Polskim w Warszawie, w Teatrze Stanis\u0142awowskim, na scenie Opery Narodowej w Koncercie Galowym Laureat\u00f3w BCC, na koncercie Fundacji &#8222;Auxilium&#8221; i &#8222;Nasza Cz\u0119stochowa&#8221;, a tak\u017ce na wielu koncertach okoliczno\u015bciowych i charytatywnych. Za\u015bpiewa\u0142a seri\u0119 koncert\u00f3w m.in. w Filharmonii Szczeci\u0144skiej, w Filharmonii \u015al\u0105skiej, w Filharmonii Bia\u0142ostockiej, Olszty\u0144skiej, Koszali\u0144skiej, Opolskiej, Zielonog\u00f3rskiej. Wsp\u00f3\u0142pracuje tak\u017ce z Oper\u0105 Ba\u0142tyck\u0105, z Mazowieckim Teatrem Muzycznym Operetka gdzie wyst\u0119powa\u0142a w koncertach po\u015bwi\u0119conych pami\u0119ci Jana Kiepury oraz w &#8222;Zem\u015bcie Nietoperza&#8221;. Artystka wyst\u0119powa\u0142a mi\u0119dzy innymi w Belgii, S\u0142owacji, na W\u0119grzech, we W\u0142oszech, w Niemczech, w Stanach Zjednoczonych, Kanadzie, Wielkiej Brytanii. &#8211; Artystka uczestniczy\u0142a wielokrotnie w Kursach Interpretacji Muzyki Oratoryjno-Kantatowej w ramach Festiwalu &#8222;Wratislavia&nbsp;&#8211;&nbsp;Cantans&#8221;. &#8211; mgr Joanna Prus \u2013 Kaczkowska: &#8211; dyrektor M\u0142odzie\u017cowego Domu Kultury nr 2 w Bytomiu, &#8211; absolwentka Akademii Muzycznej w Katowicach, &#8211; nauczyciel sekcji rytmiki i instrument\u00f3w klawiszowych, &#8211; wsp\u00f3\u0142tw\u00f3rczyni wielu aran\u017cy muzycznych. &nbsp;&#8211; mgr Anna Akram: &#8211;&nbsp;&nbsp;absolwentka Akademii Muzycznej we Wroc\u0142awiu, &#8211; prowadzi\u0142a zaj\u0119cia z emisji g\u0142osu z zespo\u0142em Pie\u015bni i Ta\u0144ca Wroc\u0142aw, &#8211; przez 3 lata by\u0142a zwi\u0105zana z ch\u00f3rem Opery we Wroc\u0142awiu, &#8211; przez 6 lat by\u0142a te\u017c wokalistk\u0105 ch\u00f3ru kameralnego Synagogi pod Bia\u0142ym Bocianem. &#8211; od 13 lat szkoli wokalist\u00f3w, ci\u0105gle poznaj\u0105c i wdra\u017caj\u0105c nowatorskie metody pracy. Komisja ocenia\u0142a utwory zgodnie z kryteriami podanymi w regulaminie. Oceny dokonano w czterech kategoriach wiekowych: I&nbsp;&nbsp;kategoria: 7- 9 lat II kategoria: 10 -13 lat III kategoria: 14- 16 lat IV kategoria: 17 \u2013 20 lat WYNIKI: Lista&nbsp;&nbsp;finalist\u00f3w: I kategoria: I Lena Figler&nbsp;&nbsp;&#8211; K\u0142omnice I Natalia Kulka \u2013 Piekary \u015al\u0105skie II \u2013 Milena B\u0105k \u2013 K\u0142omnice III \u2013 Julia Jurkiewicz \u2013 Zawiercie Wyr\u00f3\u017cnienia: Lilianna Kowalczyk &#8211; Katowice Michalina Lukosz &#8211; Bytom Maksymilian Piwko &#8211; Gliwice Anna Soboniak &#8211; Mykan\u00f3w Pola Kowalczyk \u2013 K\u0119dzierzyn &#8211; Ko\u017ale Zuzanna \u017burek &#8211; Jaworzno Weronika Wieczorek &#8211; Mory\u0144 Artur Rastawicki \u2013 Katowice II kategoria: I miejsce &#8211; Hania W\u0142odarczyk &#8211; Wielu\u0144 II miejsce \u2013 Lena Sikora &#8211; Szczecin III miejsce \u2013 Aleksandra Juchniewicz &#8211; Szczecin III miejsce \u2013 Laura Rumpel &#8211; Knur\u00f3w wyr\u00f3\u017cnienia: Dominik Komander \u2013 K\u0119dzierzyn &#8211; Ko\u017ale Magdalena Komarek &#8211; Mszana Rosiak Julia &#8211; Bytom Zuzanna Gajor \u2013 Lublin Kamil Kosowski &#8211; Tuchola Nikola Struk \u2013 Dobre Miasto Oliwia Soko\u0142a \u2013 Piekary \u015al\u0105skie Lilianna Czarnecka \u2013 Ostrowiec \u015awi\u0119tokrzyski Sara Niemczyk &#8211; Zag\u00f3rz Gabriela Katzer &#8211; BRAK Klaudia Kutyba &#8211; \u015awidnica III kategoria: I miejsce \u2013 Nadia Tomczak &#8211; Stryk\u00f3w II miejsce \u2013 Aleksandra Parszywka &#8211; My\u015blenice III \u2013 Paulina Szczygielska &#8211; Tychy III \u2013 Daniel Nowak &#8211; Bytom wyr\u00f3\u017cnienia: Anna Wolska \u2013 Ci\u0105gowice Aleksandra Jedy\u0144ska \u2013 Katowice Wiktoria Siudyka \u2013&nbsp;&nbsp;D\u0105browa G\u00f3rnicza Nikola Wojciechowska \u2013 Lublin Julia Soko\u0142 \u2013 Knur\u00f3w Ewelina Kupska \u2013 Bia\u0142a Amelia Zwiech \u2013 Bia\u0142a&nbsp; Emilia Bienas \u2013 Bytom Sara Majchrzak \u2013 Leszno Emily Ezekwe \u2013 Kostrzyn Pola Szcze\u015bniewska \u2013 Wierzchowisko Naralia Froch \u2013 Poczesna IV kategoria: I miejsce \u2013 Natalia Siekierka \u2013 Katowice II miejsce \u2013 Nina Kumorek \u2013 \u017bywiec III miejsce \u2013 Wiktoria Konieczniak &#8211; Myszk\u00f3w III miejsce \u2013 Monika Wieczorek &#8211; Tychy wyr\u00f3\u017cnienie: Patrycja Tomczyk \u2013 Boles\u0142aw Grand Prix: Emilia Szcze\u015bniak \u2013 \u0141uk\u00f3w (kat. II) Na tym protok\u00f3\u0142 zako\u0144czono. Uwaga! Stowarzyszenie Liga Kobiet Nieoboj\u0119tnych, kieruj\u0105c si\u0119 dobrem i bezpiecze\u0144stwem laureat\u00f3w plebiscytu i zaproszonych go\u015bci, informuje, \u017ce&nbsp;Gala Bytomianki i Bytomianina Roku 2019, kt\u00f3ra mia\u0142a si\u0119 odby\u0107 24 pa\u017adziernika 2020 r., zostaje&nbsp;odwo\u0142ana.Aby godnie uhonorowa\u0107 osoby, kt\u00f3re otrzyma\u0142y tytu\u0142 Bytomianki i Bytomianina Roku, wydarzenie to&nbsp;&nbsp;zawsze mia\u0142o podnios\u0142y charakter. Niestety obecna sytuacja epidemiologiczna nie pozwala na zorganizowanie Gali na dotychczasowych zasadach. Uroczysto\u015b\u0107 odb\u0119dzie si\u0119 w dogodnym dla nas wszystkich czasie, o czym zostan\u0105 Pa\u0144stwo poinformowani. Prace nagrodzone w konkursie &#8222;Bytom w 100 s\u0142owach&#8221; I miejsce Katarzyna Kalus \u201eNoc kryszta\u0142owa 9\/10 XI 1938\u201d &#8211; Mamo!? Mamo!? &#8211; Ryfka, szybko! Chod\u017a, kochanie, nie b\u00f3j si\u0119. &#8211; Dlaczego oni to robi\u0105, mamo? Co z nami b\u0119dzie? Dziewi\u0119cioletnia, wychudzona dziewczynka, skulona, trz\u0119sie si\u0119 w ramionach matki. \u201eCo w\u0142a\u015bciwie si\u0119 dzieje?\u201d my\u015bli, \u201eTatu\u015b z innymi m\u0119\u017cczyznami pr\u00f3buje gasi\u0107 nasz\u0105 synagog\u0119, pal\u0105 si\u0119 sklepy, w uszach brz\u0119czy od huku szk\u0142a\u2026\u201d. Przez male\u0144k\u0105 szpar\u0119 w zas\u0142onie, Ryfka widzi pana Barucha, w\u0142a\u015bciciela piekarni, kl\u0119cz\u0105cego, zas\u0142aniaj\u0105cego twarz d\u0142o\u0144mi. Witryny piekarni nie ma, zosta\u0142a rozbita na miliony kryszta\u0142owych kawa\u0142k\u00f3w, ca\u0142a Gleiwitz Strasse b\u0142yszczy od szk\u0142a. Na drzwiach Niemcy czerwon\u0105 farb\u0105 namalowali gwiazd\u0119 Dawida. Dziewczynka, wychylaj\u0105c si\u0119 nieco spod ramienia matki, widzi w oddali ci\u0119\u017car\u00f3wk\u0119, do kt\u00f3rej Niemcy zaganiaj\u0105 m\u0119\u017cczyzn, strach o \u017cycie taty parali\u017cuje i Ryfk\u0119 i jaj mam\u0119. II miejsce Kamil Ksi\u0105\u017cek &#8211; \u201eNied\u017awiedzie wynios\u0142y si\u0119 dawno\u201d Porzuci\u0142am marzenia o \u015bnie. Poranne s\u0142o\u0144ce strzepa\u0142o z twarzy niewygodny py\u0142 w\u0119glowy; bez niego noce zimne, zw\u0142aszcza teraz, w listopadzie. Gdy niech\u0119tnie swoje cielsko do pionu ustawia miasto, gdy przez klepsydr\u0119 gula piachu ci\u015bnie czas, tn\u0119, jak nieprzytomna, przez park Franciszka, sk\u0105d nied\u017awiedzie wynios\u0142y si\u0119 dawno. Zimno, zgodz\u0105 si\u0119 Panie Kaczki, \u017ce zimno tak bie\u017cy\u0107 z rana, ale czy to w jednym Bytomiu poranki tak wbijaj\u0105 \u015bwiat\u0142a drzazgi? S\u0142ysz\u0119 brz\u0119k butelek dzwoni\u0105cych w reklam\u00f3wkach, szuraj\u0105 po chodniku s\u0142omiane miot\u0142y dozorc\u00f3w, t\u0142ucze si\u0119 krzywym torem dwug\u0142owa banka. Kto\u015b rzuca przekle\u0144stwem, inny kto\u015b zakl\u0119ciem. Jestem tu, pulsuj\u0119 pod sk\u00f3r\u0105 miasta. Wci\u0105gam pierwszy \u0142yk kawy, zaskoczona jak zwykle, \u017ce nikt nie ogoli\u0142 w nocy \u015bpi\u0105cego lwa. III&nbsp;miejsce Micha\u0142 Witas \u201eCo by by\u0142o, gdyby\u2026..\u201d Micha\u0142 zerwa\u0142 kartk\u0119 z kalendarza. By\u0142 szesnasty sierpnia 1942 roku. Na ten dzie\u0144 i na ten mecz czeka\u0142 od dawna. Cieszy\u0142 si\u0119, \u017ce Polska zagra z Niemcami w\u0142a\u015bnie w jego mie\u015bcie \u2013 w Bytomiu, zwanym przez Niemc\u00f3w Beuthen. Cieszy\u0142 si\u0119, \u017ce mecz si\u0119 w og\u00f3le odb\u0119dzie, Nie wa\u017cne, jaki b\u0119dzie wynik, ile bramek strzeli wspania\u0142y Ernest Wilimowski, i \u017ce na trybunach b\u0119d\u0105 kanclerz Adenauer i prezydent Rydz-\u015amig\u0142y. Spojrza\u0142 jeszcze raz w kalendarz. Dobrze pami\u0119ta\u0142 tamten straszny sierpie\u0144 sprzed trzech lat. Naprawd\u0119 si\u0119 wtedy ba\u0142. Wojna wisia\u0142a w powietrzu. Kto wie, co by by\u0142o, gdyby nie nag\u0142a \u015bmier\u0107 Adolfa Hitlera i w konsekwencji upadek jego krwawego re\u017cimu\u2026 Ale to nie by\u0142 czas na wspomnienia, ani na gdybanie\u2026 &#8211; Do boju Polsko! Wyr\u00f3\u017cnienie honorowe Pawe\u0142 Tymirski &#8211; Limeryki Mi\u0142o\u015b\u0107 8-bitowa Informatyk z miasta Bytom wyzna\u0142 mi\u0142o\u015b\u0107 o\u015bmiu bitom. Takowe zboczenie wprawia w os\u0142upienie, nie u\u015bmiecha si\u0119 elitom. Chuda judoczka Raz judoczka z miasta Bytom, dzi\u0119ki dobrze zgranym chwytom, wygra\u0142a, cho\u0107 chuda, mo\u017ce jej si\u0119 uda wspi\u0105\u0107 si\u0119 w sporcie hen, ku szczytom. Rycerz bez zbroi Do osady pod Bytomiem przyby\u0142 rycerz ze swym koniem. Zapomnia\u0142 zbroi, cho\u0107 nie przystoi, okrzykni\u0119to go gamoniem. Kamieniarz Raz kamieniarz w mie\u015bcie Bytom wi\u00f3z\u0142 granitu ska\u0142\u0119 lit\u0105 do warsztatu. Nagle, a tu \u2013 wjecha\u0142 w dziur\u0119 w jezdni skryt\u0105. Szanowni Autorzy prac nades\u0142anych na konkurs \u201eBytom w 100 s\u0142owach\u201d &nbsp;Dzi\u0119kujemy, \u017ce zechcieli Pa\u0144stwo podzieli\u0107 si\u0119 z nami swoimi refleksjami i wzi\u0105\u0107 udzia\u0142 w Konkursie. &nbsp;\u0141\u0105czy nas Bytom. Bytom-miasto wyj\u0105tkowe. Wczoraj, 8.10.2020 r. w Auli Pa\u0144stwowych Szk\u00f3\u0142 Budownictwa w Bytomiu odby\u0142a si\u0119 uroczysto\u015b\u0107 rozstrzygni\u0119cia konkursu i wr\u0119czenia nagr\u00f3d w konkursie &#8222;Bytom w 100 s\u0142owach&#8221;. Na konkurs nades\u0142ano 170 prac. Oto protok\u00f3\u0142 Komisji: W dniu 21 wrze\u015bnia 2020 r. komisja konkursowa w sk\u0142adzie: dr hab. Leszek Engelking, Karina Maczuga i Sylwia Tubis wy\u0142oni\u0142a laureat\u00f3w konkursu literackiego &#8222;Bytom w 100 s\u0142owach&#8221;. I miejsce&nbsp;zdoby\u0142a praca pt.&nbsp;&#8222;Noc kryszta\u0142owa 9\/10 XI 1938&#8221;. Autor:&nbsp;Katarzyna Kalus II miejsce&nbsp;&#8211; praca pt. &#8222;Nied\u017awiedzie wynios\u0142y si\u0119 dawno&#8221;.&nbsp;Autor:&nbsp;Kamil Ksi\u0105\u017cek III miejsce&nbsp;&#8211; praca pt.&nbsp;&#8222;Co by by\u0142o gdyby&#8230;&#8221;. Autor:&nbsp;Micha\u0142 Witas Uwag\u0119 Komisji przyku\u0142y r\u00f3wnie\u017c&nbsp;limeryki Paw\u0142a Tymirskiego, kt\u00f3ry otrzyma\u0142&nbsp;wyr\u00f3\u017cnienie honorowe. Zwyci\u0119\u017ccom serdecznie gratulujemy, a wszystkim uczestnikom dzi\u0119kujemy z udzia\u0142 w konkursie. Uroczysto\u015b\u0107 u\u015bwietni\u0142 wyst\u0119p uczni\u00f3w bytomskiej Szko\u0142y Muzycznej: Wiktoria Zawodny w utworze&nbsp;Kaprys polski Gra\u017cyny Bacewicz&nbsp;oraz duet: Aurora Dynowska &#8211; wiolonczela i Jakub Zawodny &#8211; gitara w&nbsp;&nbsp;I cz\u0119\u015bci Sonaty na gitar\u0119 i wiolonczel\u0119 Radamesa Gnattali. Na zako\u0144czenie wyst\u0105pi\u0142 kwartet smyczkowy w sk\u0142adzie: Karolina Karlowska, Magdalena Ogryzek &#8211; skrzypce, Amelia Nowok &#8211; alt\u00f3wka, Natalia Brzezicka &#8211; wiolonczela, wykonuj\u0105c&nbsp;III i IV cz\u0119\u015b\u0107 kwartetu G-dur W. A. Mozarta. Dzi\u0119kujemy go\u015bciom, kt\u00f3rzy zaszczycili uroczysto\u015b\u0107 swoj\u0105 obecno\u015bci\u0105. W tym miejscu chcemy te\u017c podzi\u0119kowa\u0107 tym, bez wsparcia kt\u00f3rych nie uda\u0142oby si\u0119 konkursu zorganizowa\u0107. Dzi\u0119kujemy wi\u0119c\u00a0Urz\u0119dowi Miasta\u00a0za wsparcie finansowe, bytomskim firmom &#8211; Centrum Handlowemu\u00a0AGORA, Centrum Handlowemu\u00a0PLEJADA, dyrekcji\u00a0Pa\u0144stwowych Szk\u00f3\u0142 Budownictwa, dyrekcji\u00a0Bytomskiego Uniwersytetu Trzeciego Wieku, dyrekcji\u00a0Og\u00f3lnokszta\u0142c\u0105cej Szko\u0142y Muzycznej\u00a0I i II stopnia im. F. Chopina oraz naszym\u00a0przyjacio\u0142om i rodzinom. Szanowni Pa\u0144stwo, jest nam niezmiernie mi\u0142o poinfromowa\u0107, \u017ce pomimo &#8211; a mo\u017ce w\u0142a\u015bnie z powodu &#8211; trudnej rzeczywisto\u015bci na nasz konkurs wp\u0142yn\u0119\u0142o ponad 170 prac. Jury jeszcze ci\u0119\u017cko pracuje, bo wyb\u00f3r 3 najlepszych nie jest prosty, ale ju\u017c 8 pa\u017adziernika br. poznamy zwyci\u0119zc\u00f3w. Wszystkim Autorom serdecznie dzi\u0119kujemy i zapraszamy na fina\u0142. Stowarzyszenie Liga Kobiet Nieoboj\u0119tnych oraz Bytomskie Centrum Kultury zapraszaj\u0105 na spaceri spotkanie po\u015bwi\u0119cone bytomskiej piosenkarce Karin Stanek, kt\u00f3re odb\u0119dzie si\u0119 w niedziel\u011927 wrze\u015bnia 2020. Godz. 14:00 \u2013 spacer po Bytomiu \u015bladami Karin Stanek&nbsp;(miejsce wyj\u015bcia spaceru:budynek Wydzia\u0142u Teatru Ta\u0144ca Akademii Sztuk Teatralnych, ul. Pi\u0142sudskiego 24A, Bytom). Godz. 15:15 &#8211; spotkanie muzyczne&nbsp;\u2013 pos\u0142uchamy nieznanych dot\u0105d szerszej publiczno\u015bci piosenek Karin Stanek, w\u015br\u00f3d nich b\u0119d\u0105 tak\u017ce utwory skomponowane przez artystk\u0119 (miejsce: Bytomskie Centrum Kultury, Plac Karin Stanek 1). Spotkanie z udzia\u0142em Bartosza Go\u017adzikowskiego i Stefana Papierowskiego. Projekt wsp\u00f3\u0142finansowany ze \u015brodk\u00f3w Gminy Bytom w ramach projektu &#8222;HER I HIS-STORY. Cykl spotka\u0144 historyczno-kulturalnych&#8221;.Organizator spotkania: Stowarzyszenie Liga Kobiet Nieoboj\u0119tnych, wsp\u00f3\u0142organizator: Bytomskie Centrum Kultury. VIII Og\u00f3lnopolski Konkurs Pie\u015bni Patriotycznej Zapraszamy do udzia\u0142u w VIII Og\u00f3lnopolskim Konkursie Pie\u015bni Patriotycznej pod patronatem Prezydenta Miasta Bytomia, kt\u00f3rego organizatorem s\u0105: Szko\u0142a Podstawowa nr 45 w Bytomiu, M\u0142odzie\u017cowy Dom Kultury nr 2 w Bytomiu i Liga Kobiet Nieoboj\u0119tnych. &nbsp;Przes\u0142uchania konkursowe odb\u0119d\u0105 si\u0119 w II etapach: &nbsp;I etap \u2013 eliminacje&nbsp;\u2013&nbsp; przes\u0142anie nagrania i dokument\u00f3w \u2013 od 01 pa\u017adziernika do 23 pa\u017adziernika 2020 r. &nbsp;II etap \u2013 przes\u0142uchania fina\u0142owe \u201ena \u017cywo\u201d i fina\u0142 z wr\u0119czeniem nagr\u00f3d&nbsp;\u2013 09 listopada&nbsp; 2020 roku w sali ToTu Bytomskiego Centrum Kultury pl. Karin Stanek 1, 41-902 Bytom. &nbsp;Patronat medialny nad konkursem obj\u0119\u0142o&nbsp;\u017bycie Bytomskie. &nbsp;Celem konkursu jest: &nbsp; &nbsp;1. Krzewienie patriotyzmu w\u015br\u00f3d dzieci i m\u0142odzie\u017cy. &nbsp; &nbsp;2. Pobudzenie dzieci i m\u0142odzie\u017cy do wykonywania polskich pie\u015bni patriotycznych. &nbsp; &nbsp;3. Popularyzacja \u015bpiewania w\u015br\u00f3d dzieci i m\u0142odzie\u017cy. &nbsp; &nbsp;4. Promowanie m\u0142odych talent\u00f3w. &nbsp; &nbsp;5. Samokszta\u0142cenie muzyczne, mo\u017cliwo\u015b\u0107 niezale\u017cnej prezentacji utwor\u00f3w o tematyce patriotycznej i&nbsp; narodowej. &nbsp; &nbsp;6. Popularyzacja warto\u015bciowych tre\u015bci muzycznych i literackich w pie\u015bniach. &nbsp;Szczeg\u00f3\u0142y udzia\u0142u w dokumentach poni\u017cej: &nbsp;Regulamin VIII Og\u00f3lnopolskiego Konkursu Pie\u015bni Patriotycznej &nbsp;Karta zg\u0142oszeniowa &nbsp;Zgoda &nbsp;Projekt zosta\u0142&nbsp; dofinansowany ze \u015brodk\u00f3w gminy Bytom Karin Stanek jedna z najwi\u0119kszych gwiazd muzycznych drugiej dekady XX wieku. Hity takie jak \u201eCh\u0142opiec z gitar\u0105\u201d, \u201eMalowana lala\u201d czy te\u017c \u201eJedziemy autostopem\u201d znaj\u0105 ca\u0142e pokolenia, jej piosenki na trwa\u0142e zapisa\u0142y si\u0119 w historii polskiej muzyki. 27 wrze\u015bnia 2020, o godzinie 14:00 wsp\u00f3lnie wybierzemy si\u0119 w podr\u00f3\u017c \u015bladami Karin Stanek po Bytomiu. Na niezwyk\u0142y spacer wyruszmy spod Wydzia\u0142u Teatru Ta\u0144ca (ul. Pi\u0142sudskiego 24A, Bytom). Co nale\u017cy z sob\u0105 zabra\u0107? Telefon typu smartfon + s\u0142uchawki, a w razie niepogody parasol. Spacer poprowadzi Bartosz Go\u017adzikowski, tw\u00f3rca audiobooka o Karin Stanek pt. \u201eW\u0119drowny Nieznajomy\u201d.Fina\u0142 spaceru odb\u0119dzie si\u0119 na Placu Karin Stanek, gdzie zrobimy sobie wsp\u00f3lne pami\u0105tkowe zdj\u0119cie oraz us\u0142yszymy o historii placu imienia tej wielkiej piosenkarki. Po spacerze zapraszamy na spotkanie muzyczne oraz s\u0142odki pocz\u0119stunek do budynku Bytomskiego Centrum Kultury \u2013 us\u0142yszymy nieznane dot\u0105d utwory skomponowane przez Karin Stanek. Spotkanie poprowadzi przyjaciel i propagator tw\u00f3rczo\u015bci &nbsp;Karin Stanek,&nbsp; Stefan Papierowski. Spacer oraz spotkanie potrwaj\u0105 ok. 2 godziny. &nbsp; ZAPISY: Ze wzgl\u0119du na COVID ilo\u015b\u0107 miejsc na spacerze oraz spotkaniu jest ograniczona.&nbsp;Zapisy prowadzi rzecznik prasowy: Ma\u0142gorzata Kami\u0144ska, telefon: 32\/ 389 31 09 w.116; email:&nbsp;m.kaminska@becek.pl. Projekt wsp\u00f3\u0142finansowany ze \u015brodk\u00f3w Gminy Bytom w ramach projektu &#8222;HER I HIS-STORY. Cykl spotka\u0144 historyczno-kulturalnych&#8221;. Organizator spotkania: Stowarzyszenie Liga Kobiet Nieoboj\u0119tnych, wsp\u00f3\u0142organizator: Bytomskie Centrum Kultury. Powoli zaczynamy wraca\u0107 do normalno\u015bci, pora wi\u0119c poinformowa\u0107, kto w tym roku odbierze zaszczytne tytu\u0142y&nbsp;Bytomianki i\u0427\u0438\u0442\u0430\u0442\u044c \u0434\u0430\u043b\u044c\u0448\u0435...","thumbnail_url":"https:\/\/musil.home.pl\/kobiety-bytom\/wp-content\/uploads\/2023\/10\/podzikowanie-str-1.png"}