{"id":610,"date":"2023-10-09T18:39:17","date_gmt":"2023-10-09T18:39:17","guid":{"rendered":"https:\/\/musil.home.pl\/kobiety-bytom\/?page_id=610"},"modified":"2023-10-09T18:39:17","modified_gmt":"2023-10-09T18:39:17","slug":"archiwum-2020","status":"publish","type":"page","link":"https:\/\/musil.home.pl\/kobiety-bytom\/archiwum-2020\/","title":{"rendered":"Archiwum 2020"},"content":{"rendered":"\n<p class=\"has-text-align-center\"><strong>Protok\u00f3\u0142 z posiedzenia obrad JURY<\/strong><\/p>\n\n\n\n<p class=\"has-text-align-center\"><strong>VIII Og\u00f3lnopolskiego Konkursu&nbsp;&nbsp;Pie\u015bni Patriotycznej<\/strong><strong><\/strong><\/p>\n\n\n\n<p class=\"has-text-align-center\"><strong>pod patronatem Ministra Edukacji Narodowej i Prezydenta Miasta Bytomia \u2013 II etap<\/strong><\/p>\n\n\n\n<p><strong><\/strong>sporz\u0105dzony w dniu:06.11.2020r. w M\u0142odzie\u017cowym Domu Kultury nr 2 w Bytomiu<\/p>\n\n\n\n<p>Na konkurs wp\u0142yn\u0119\u0142o&nbsp;&nbsp;286 zg\u0142osze\u0144 z 15 wojew\u00f3dztw.<\/p>\n\n\n\n<p>Do oceny powo\u0142ano komisj\u0119 w sk\u0142adzie:<\/p>\n\n\n\n<p>&#8211;&nbsp;Aleksandra Stok\u0142osa &#8211; przewodnicz\u0105ca komisji:<\/p>\n\n\n\n<p>doktor sztuk muzycznych w dyscyplinie artystycznej wokalistyka na Akademii Muzycznej im. K.&nbsp;Szymanowskiego w Katowicach,<\/p>\n\n\n\n<p>&#8211; solistka&nbsp;<a href=\"http:\/\/www.opera-slaska.pl\/\">Opery \u015al\u0105skiej w Bytomiu<\/a>,<\/p>\n\n\n\n<p>-studia uko\u0144czy\u0142a z wyr\u00f3\u017cnieniem w 1997r, w klasie prof. Michaliny Growiec, koncertowa\u0142a na estradach w kraju, bior\u0105c udzia\u0142 m.in. w wykonaniu oper: &#8222;Wesele Figara&#8221; W. A. Mozarta, &#8222;Nap\u00f3j Mi\u0142osny&#8221;&nbsp;G.&nbsp;Donizzettiego,&nbsp;&#8222;Domek Trzech Dziewcz\u0105t&#8221; F. Schuberta, a tak\u017ce w &#8222;Pastora\u0142ce&#8221; L. Schillera i &#8222;Mszy Kreolskiej&#8221; A. Ramireza. W latach 1994-1997 doskonali\u0142a swoj\u0105 technik\u0119 wokaln\u0105 na kursach mistrzowskich we W\u0142oszech pod kierunkiem&nbsp;Katii&nbsp;Ricciarelli. Wsp\u00f3\u0142pracowa\u0142a z Teatrem Muzycznym w Gliwicach gdzie wyst\u0119powa\u0142a w g\u0142\u00f3wnych partiach. Wyst\u0119powa\u0142a w Operze \u015al\u0105skiej wraz z Wies\u0142awem Ochmanem, co zaowocowa\u0142o dalszymi wsp\u00f3lnymi wyst\u0119pami m.in. w Teatrze Polskim w Warszawie, w Teatrze Stanis\u0142awowskim, na scenie Opery Narodowej w Koncercie Galowym Laureat\u00f3w BCC, na koncercie Fundacji &#8222;Auxilium&#8221; i &#8222;Nasza Cz\u0119stochowa&#8221;, a tak\u017ce na wielu koncertach okoliczno\u015bciowych i charytatywnych. Za\u015bpiewa\u0142a seri\u0119 koncert\u00f3w m.in. w Filharmonii Szczeci\u0144skiej, w Filharmonii \u015al\u0105skiej, w Filharmonii Bia\u0142ostockiej, Olszty\u0144skiej, Koszali\u0144skiej, Opolskiej, Zielonog\u00f3rskiej. Wsp\u00f3\u0142pracuje tak\u017ce z Oper\u0105 Ba\u0142tyck\u0105, z Mazowieckim Teatrem Muzycznym Operetka gdzie wyst\u0119powa\u0142a w koncertach po\u015bwi\u0119conych pami\u0119ci Jana Kiepury oraz w &#8222;Zem\u015bcie Nietoperza&#8221;. Artystka wyst\u0119powa\u0142a mi\u0119dzy innymi w Belgii, S\u0142owacji, na W\u0119grzech, we W\u0142oszech, w Niemczech, w Stanach Zjednoczonych, Kanadzie, Wielkiej Brytanii.<\/p>\n\n\n\n<p>&#8211; Artystka uczestniczy\u0142a wielokrotnie w Kursach Interpretacji Muzyki Oratoryjno-Kantatowej w ramach Festiwalu &#8222;Wratislavia&nbsp;&#8211;&nbsp;Cantans&#8221;.<\/p>\n\n\n\n<p><strong>&#8211; mgr Joanna Prus \u2013 Kaczkowska:<\/strong><\/p>\n\n\n\n<p>&#8211; dyrektor M\u0142odzie\u017cowego Domu Kultury nr 2 w Bytomiu,<\/p>\n\n\n\n<p>&#8211; absolwentka Akademii Muzycznej w Katowicach,<\/p>\n\n\n\n<p>&#8211; nauczyciel sekcji rytmiki i instrument\u00f3w klawiszowych,<\/p>\n\n\n\n<p>&#8211; wsp\u00f3\u0142tw\u00f3rczyni wielu aran\u017cy muzycznych.<\/p>\n\n\n\n<p>&nbsp;<strong>&#8211; mgr Anna Akram<\/strong>:<\/p>\n\n\n\n<p>&#8211;&nbsp;&nbsp;absolwentka Akademii Muzycznej we Wroc\u0142awiu,<\/p>\n\n\n\n<p>&#8211; prowadzi\u0142a zaj\u0119cia z emisji g\u0142osu z zespo\u0142em Pie\u015bni i Ta\u0144ca Wroc\u0142aw,<\/p>\n\n\n\n<p>&#8211; przez 3 lata by\u0142a zwi\u0105zana z ch\u00f3rem Opery we Wroc\u0142awiu,<\/p>\n\n\n\n<p>&#8211; przez 6 lat by\u0142a te\u017c wokalistk\u0105 ch\u00f3ru kameralnego Synagogi pod Bia\u0142ym Bocianem.<\/p>\n\n\n\n<p>&#8211; od 13 lat szkoli wokalist\u00f3w, ci\u0105gle poznaj\u0105c i wdra\u017caj\u0105c nowatorskie metody pracy.<\/p>\n\n\n\n<p><strong>Komisja ocenia\u0142a utwory zgodnie z kryteriami podanymi w regulaminie<\/strong>.<\/p>\n\n\n\n<p><strong>Oceny dokonano w czterech kategoriach wiekowych:<\/strong><\/p>\n\n\n\n<p>I&nbsp;&nbsp;kategoria: 7- 9 lat<\/p>\n\n\n\n<p>II kategoria: 10 -13 lat<\/p>\n\n\n\n<p>III kategoria: 14- 16 lat<\/p>\n\n\n\n<p>IV kategoria: 17 \u2013 20 lat<\/p>\n\n\n\n<p><strong>WYNIKI:<\/strong><\/p>\n\n\n\n<p><strong>Lista&nbsp;&nbsp;finalist\u00f3w:<\/strong><\/p>\n\n\n\n<p><strong>I kategoria:<\/strong><\/p>\n\n\n\n<p>I Lena Figler&nbsp;&nbsp;&#8211; K\u0142omnice<\/p>\n\n\n\n<p>I Natalia Kulka \u2013 Piekary \u015al\u0105skie<\/p>\n\n\n\n<p>II \u2013 Milena B\u0105k \u2013 K\u0142omnice<\/p>\n\n\n\n<p>III \u2013 Julia Jurkiewicz \u2013 Zawiercie<\/p>\n\n\n\n<p><strong>Wyr\u00f3\u017cnienia:<\/strong><\/p>\n\n\n\n<p>Lilianna Kowalczyk &#8211; Katowice<\/p>\n\n\n\n<p>Michalina Lukosz &#8211; Bytom<\/p>\n\n\n\n<p>Maksymilian Piwko &#8211; Gliwice<\/p>\n\n\n\n<p>Anna Soboniak &#8211; Mykan\u00f3w<\/p>\n\n\n\n<p>Pola Kowalczyk \u2013 K\u0119dzierzyn &#8211; Ko\u017ale<\/p>\n\n\n\n<p>Zuzanna \u017burek &#8211; Jaworzno<\/p>\n\n\n\n<p>Weronika Wieczorek &#8211; Mory\u0144<\/p>\n\n\n\n<p>Artur Rastawicki \u2013 Katowice<\/p>\n\n\n\n<p><strong>II kategoria:<\/strong><\/p>\n\n\n\n<p>I miejsce &#8211; Hania W\u0142odarczyk &#8211; Wielu\u0144<\/p>\n\n\n\n<p>II miejsce \u2013 Lena Sikora &#8211; Szczecin<\/p>\n\n\n\n<p>III miejsce \u2013 Aleksandra Juchniewicz &#8211; Szczecin<\/p>\n\n\n\n<p>III miejsce \u2013 Laura Rumpel &#8211; Knur\u00f3w<\/p>\n\n\n\n<p><strong>wyr\u00f3\u017cnienia:<\/strong><\/p>\n\n\n\n<p>Dominik Komander \u2013 K\u0119dzierzyn &#8211; Ko\u017ale<\/p>\n\n\n\n<p>Magdalena Komarek &#8211; Mszana<\/p>\n\n\n\n<p>Rosiak Julia &#8211; Bytom<\/p>\n\n\n\n<p>Zuzanna Gajor \u2013 Lublin<\/p>\n\n\n\n<p>Kamil Kosowski &#8211; Tuchola<\/p>\n\n\n\n<p>Nikola Struk \u2013 Dobre Miasto<\/p>\n\n\n\n<p>Oliwia Soko\u0142a \u2013 Piekary \u015al\u0105skie<\/p>\n\n\n\n<p>Lilianna Czarnecka \u2013 Ostrowiec \u015awi\u0119tokrzyski<\/p>\n\n\n\n<p>Sara Niemczyk &#8211; Zag\u00f3rz<\/p>\n\n\n\n<p>Gabriela Katzer &#8211; BRAK<\/p>\n\n\n\n<p>Klaudia Kutyba &#8211; \u015awidnica<\/p>\n\n\n\n<p><strong>III kategoria:<\/strong><strong><\/strong><\/p>\n\n\n\n<p>I miejsce \u2013 Nadia Tomczak &#8211; Stryk\u00f3w<\/p>\n\n\n\n<p>II miejsce \u2013 Aleksandra Parszywka &#8211; My\u015blenice<\/p>\n\n\n\n<p>III \u2013 Paulina Szczygielska &#8211; Tychy<\/p>\n\n\n\n<p>III \u2013 Daniel Nowak &#8211; Bytom<\/p>\n\n\n\n<p><strong>wyr\u00f3\u017cnienia:<\/strong><\/p>\n\n\n\n<p>Anna Wolska \u2013 Ci\u0105gowice<\/p>\n\n\n\n<p>Aleksandra Jedy\u0144ska \u2013 Katowice<\/p>\n\n\n\n<p>Wiktoria Siudyka \u2013&nbsp;&nbsp;D\u0105browa G\u00f3rnicza<\/p>\n\n\n\n<p>Nikola Wojciechowska \u2013 Lublin<\/p>\n\n\n\n<p>Julia Soko\u0142 \u2013 Knur\u00f3w<\/p>\n\n\n\n<p>Ewelina Kupska \u2013 Bia\u0142a<strong><\/strong><\/p>\n\n\n\n<p>Amelia Zwiech \u2013 Bia\u0142a&nbsp;<\/p>\n\n\n\n<p>Emilia Bienas \u2013 Bytom<\/p>\n\n\n\n<p>Sara Majchrzak \u2013 Leszno<\/p>\n\n\n\n<p>Emily Ezekwe \u2013 Kostrzyn<\/p>\n\n\n\n<p>Pola Szcze\u015bniewska \u2013 Wierzchowisko<\/p>\n\n\n\n<p>Naralia Froch \u2013 Poczesna<strong><\/strong><\/p>\n\n\n\n<p><strong>IV kategoria:<\/strong><\/p>\n\n\n\n<p>I miejsce \u2013 Natalia Siekierka \u2013 Katowice<\/p>\n\n\n\n<p>II miejsce \u2013 Nina Kumorek \u2013 \u017bywiec<\/p>\n\n\n\n<p>III miejsce \u2013 Wiktoria Konieczniak &#8211; Myszk\u00f3w<\/p>\n\n\n\n<p>III miejsce \u2013 Monika Wieczorek &#8211; Tychy<\/p>\n\n\n\n<p><strong>wyr\u00f3\u017cnienie:<\/strong><\/p>\n\n\n\n<p>Patrycja Tomczyk \u2013 Boles\u0142aw<\/p>\n\n\n\n<p><strong>Grand Prix:<\/strong><\/p>\n\n\n\n<p><strong>Emilia Szcze\u015bniak \u2013 \u0141uk\u00f3w (kat. II)<\/strong><\/p>\n\n\n\n<p>Na tym protok\u00f3\u0142 zako\u0144czono.<\/p>\n\n\n\n<hr class=\"wp-block-separator has-alpha-channel-opacity\"\/>\n\n\n\n<p><strong>Uwaga!<\/strong><\/p>\n\n\n\n<p><strong><\/strong><br><strong><\/strong>Stowarzyszenie Liga Kobiet Nieoboj\u0119tnych, kieruj\u0105c si\u0119 dobrem i bezpiecze\u0144stwem laureat\u00f3w plebiscytu i zaproszonych go\u015bci, informuje, \u017ce&nbsp;<strong>Gala Bytomianki i Bytomianina Roku 2019<\/strong>, kt\u00f3ra mia\u0142a si\u0119 odby\u0107 24 pa\u017adziernika 2020 r.,<\/p>\n\n\n\n<p><strong>zostaje&nbsp;<\/strong><strong>odwo\u0142ana<\/strong>.Aby godnie uhonorowa\u0107 osoby, kt\u00f3re otrzyma\u0142y tytu\u0142 Bytomianki i Bytomianina Roku, wydarzenie to&nbsp;&nbsp;zawsze mia\u0142o podnios\u0142y charakter.<\/p>\n\n\n\n<p>Niestety obecna sytuacja epidemiologiczna nie pozwala na zorganizowanie Gali na dotychczasowych zasadach.<\/p>\n\n\n\n<p>Uroczysto\u015b\u0107 odb\u0119dzie si\u0119 w dogodnym dla nas wszystkich czasie, o czym zostan\u0105 Pa\u0144stwo poinformowani.<\/p>\n\n\n\n<hr class=\"wp-block-separator has-alpha-channel-opacity\"\/>\n\n\n\n<p><strong>Prace nagrodzone w konkursie &#8222;Bytom w 100 s\u0142owach&#8221;<\/strong><\/p>\n\n\n\n<p><strong>I miejsce<\/strong><\/p>\n\n\n\n<p><strong>Katarzyna Kalus \u201eNoc kryszta\u0142owa 9\/10 XI 1938\u201d<\/strong><\/p>\n\n\n\n<p>&#8211; Mamo!? Mamo!?<\/p>\n\n\n\n<p>&#8211; Ryfka, szybko! Chod\u017a, kochanie, nie b\u00f3j si\u0119.<\/p>\n\n\n\n<p>&#8211; Dlaczego oni to robi\u0105, mamo? Co z nami b\u0119dzie?<\/p>\n\n\n\n<p>Dziewi\u0119cioletnia, wychudzona dziewczynka, skulona, trz\u0119sie si\u0119 w ramionach matki. \u201eCo w\u0142a\u015bciwie si\u0119 dzieje?\u201d my\u015bli, \u201eTatu\u015b z innymi m\u0119\u017cczyznami pr\u00f3buje gasi\u0107 nasz\u0105 synagog\u0119, pal\u0105 si\u0119 sklepy, w uszach brz\u0119czy od huku szk\u0142a\u2026\u201d.<\/p>\n\n\n\n<p>Przez male\u0144k\u0105 szpar\u0119 w zas\u0142onie, Ryfka widzi pana Barucha, w\u0142a\u015bciciela piekarni, kl\u0119cz\u0105cego, zas\u0142aniaj\u0105cego twarz d\u0142o\u0144mi. Witryny piekarni nie ma, zosta\u0142a rozbita na miliony kryszta\u0142owych kawa\u0142k\u00f3w, ca\u0142a Gleiwitz Strasse b\u0142yszczy od szk\u0142a. Na drzwiach Niemcy czerwon\u0105 farb\u0105 namalowali gwiazd\u0119 Dawida.<\/p>\n\n\n\n<p>Dziewczynka, wychylaj\u0105c si\u0119 nieco spod ramienia matki, widzi w oddali ci\u0119\u017car\u00f3wk\u0119, do kt\u00f3rej Niemcy zaganiaj\u0105 m\u0119\u017cczyzn, strach o \u017cycie taty parali\u017cuje i Ryfk\u0119 i jaj mam\u0119.<\/p>\n\n\n\n<hr class=\"wp-block-separator has-alpha-channel-opacity\"\/>\n\n\n\n<p><strong>II miejsce<\/strong><\/p>\n\n\n\n<p><strong>Kamil Ksi\u0105\u017cek &#8211; \u201eNied\u017awiedzie wynios\u0142y si\u0119 dawno\u201d<\/strong><\/p>\n\n\n\n<p>Porzuci\u0142am marzenia o \u015bnie. Poranne s\u0142o\u0144ce strzepa\u0142o z twarzy niewygodny py\u0142 w\u0119glowy; bez niego noce zimne, zw\u0142aszcza teraz, w listopadzie.<\/p>\n\n\n\n<p>Gdy niech\u0119tnie swoje cielsko do pionu ustawia miasto, gdy przez klepsydr\u0119 gula piachu ci\u015bnie czas, tn\u0119, jak nieprzytomna, przez park Franciszka, sk\u0105d nied\u017awiedzie wynios\u0142y si\u0119 dawno.<\/p>\n\n\n\n<p>Zimno, zgodz\u0105 si\u0119 Panie Kaczki, \u017ce zimno tak bie\u017cy\u0107 z rana, ale czy to w jednym Bytomiu poranki tak wbijaj\u0105 \u015bwiat\u0142a drzazgi?<\/p>\n\n\n\n<p>S\u0142ysz\u0119 brz\u0119k butelek dzwoni\u0105cych w reklam\u00f3wkach, szuraj\u0105 po chodniku s\u0142omiane miot\u0142y dozorc\u00f3w, t\u0142ucze si\u0119 krzywym torem dwug\u0142owa banka.<\/p>\n\n\n\n<p>Kto\u015b rzuca przekle\u0144stwem, inny kto\u015b zakl\u0119ciem.<\/p>\n\n\n\n<p>Jestem tu, pulsuj\u0119 pod sk\u00f3r\u0105 miasta. Wci\u0105gam pierwszy \u0142yk kawy, zaskoczona jak zwykle, \u017ce nikt nie ogoli\u0142 w nocy \u015bpi\u0105cego lwa.<\/p>\n\n\n\n<hr class=\"wp-block-separator has-alpha-channel-opacity\"\/>\n\n\n\n<p><strong>III&nbsp;miejsce<\/strong><\/p>\n\n\n\n<p><strong>Micha\u0142 Witas \u201eCo by by\u0142o, gdyby\u2026..\u201d<\/strong><\/p>\n\n\n\n<p>Micha\u0142 zerwa\u0142 kartk\u0119 z kalendarza. By\u0142 szesnasty sierpnia 1942 roku. Na ten dzie\u0144 i na ten mecz czeka\u0142 od dawna. Cieszy\u0142 si\u0119, \u017ce Polska zagra z Niemcami w\u0142a\u015bnie w jego mie\u015bcie \u2013 w Bytomiu, zwanym przez Niemc\u00f3w Beuthen.<\/p>\n\n\n\n<p>Cieszy\u0142 si\u0119, \u017ce mecz si\u0119 w og\u00f3le odb\u0119dzie, Nie wa\u017cne, jaki b\u0119dzie wynik, ile bramek strzeli wspania\u0142y Ernest Wilimowski, i \u017ce na trybunach b\u0119d\u0105 kanclerz Adenauer i prezydent Rydz-\u015amig\u0142y.<\/p>\n\n\n\n<p>Spojrza\u0142 jeszcze raz w kalendarz. Dobrze pami\u0119ta\u0142 tamten straszny sierpie\u0144 sprzed trzech lat. Naprawd\u0119 si\u0119 wtedy ba\u0142. Wojna wisia\u0142a w powietrzu. Kto wie, co by by\u0142o, gdyby nie nag\u0142a \u015bmier\u0107 Adolfa Hitlera i w konsekwencji upadek jego krwawego re\u017cimu\u2026<\/p>\n\n\n\n<p>Ale to nie by\u0142 czas na wspomnienia, ani na gdybanie\u2026<\/p>\n\n\n\n<p>&#8211; Do boju Polsko!<\/p>\n\n\n\n<hr class=\"wp-block-separator has-alpha-channel-opacity\"\/>\n\n\n\n<p><strong>Wyr\u00f3\u017cnienie honorowe<\/strong><\/p>\n\n\n\n<p><strong>Pawe\u0142 Tymirski &#8211; Limeryki<\/strong><\/p>\n\n\n\n<p><strong>Mi\u0142o\u015b\u0107 8-bitowa<\/strong><\/p>\n\n\n\n<p>Informatyk z miasta Bytom<\/p>\n\n\n\n<p>wyzna\u0142 mi\u0142o\u015b\u0107 o\u015bmiu bitom.<\/p>\n\n\n\n<p>Takowe zboczenie<\/p>\n\n\n\n<p>wprawia w os\u0142upienie,<\/p>\n\n\n\n<p>nie u\u015bmiecha si\u0119 elitom.<\/p>\n\n\n\n<p><strong>Chuda judoczka<\/strong><strong><\/strong><\/p>\n\n\n\n<p>Raz judoczka z miasta Bytom,<\/p>\n\n\n\n<p>dzi\u0119ki dobrze zgranym chwytom,<\/p>\n\n\n\n<p>wygra\u0142a, cho\u0107 chuda,<\/p>\n\n\n\n<p>mo\u017ce jej si\u0119 uda<\/p>\n\n\n\n<p>wspi\u0105\u0107 si\u0119 w sporcie hen, ku szczytom.<\/p>\n\n\n\n<p><strong>Rycerz bez zbroi<\/strong><\/p>\n\n\n\n<p>Do osady pod Bytomiem<\/p>\n\n\n\n<p>przyby\u0142 rycerz ze swym koniem.<\/p>\n\n\n\n<p>Zapomnia\u0142 zbroi,<\/p>\n\n\n\n<p>cho\u0107 nie przystoi,<\/p>\n\n\n\n<p>okrzykni\u0119to go gamoniem.<\/p>\n\n\n\n<p><strong>Kamieniarz<\/strong><\/p>\n\n\n\n<p>Raz kamieniarz w mie\u015bcie Bytom<\/p>\n\n\n\n<p>wi\u00f3z\u0142 granitu ska\u0142\u0119 lit\u0105<\/p>\n\n\n\n<p>do warsztatu.<\/p>\n\n\n\n<p>Nagle, a tu \u2013<\/p>\n\n\n\n<p>wjecha\u0142 w dziur\u0119 w jezdni skryt\u0105.<\/p>\n\n\n\n<hr class=\"wp-block-separator has-alpha-channel-opacity\"\/>\n\n\n\n<figure class=\"wp-block-image size-full\"><img loading=\"lazy\" decoding=\"async\" width=\"550\" height=\"277\" src=\"https:\/\/musil.home.pl\/kobiety-bytom\/wp-content\/uploads\/2023\/10\/podzikowanie-str-1.png\" alt=\"\" class=\"wp-image-611\" srcset=\"https:\/\/musil.home.pl\/kobiety-bytom\/wp-content\/uploads\/2023\/10\/podzikowanie-str-1.png 550w, https:\/\/musil.home.pl\/kobiety-bytom\/wp-content\/uploads\/2023\/10\/podzikowanie-str-1-300x151.png 300w\" sizes=\"(max-width: 550px) 100vw, 550px\" \/><\/figure>\n\n\n\n<p><strong>Szanowni Autorzy prac nades\u0142anych na konkurs<\/strong><br><strong><\/strong><\/p>\n\n\n\n<p><strong>\u201eBytom w 100 s\u0142owach\u201d<\/strong><\/p>\n\n\n\n<p><strong>&nbsp;Dzi\u0119kujemy, \u017ce zechcieli Pa\u0144stwo podzieli\u0107 si\u0119 z nami swoimi refleksjami i wzi\u0105\u0107 udzia\u0142 w Konkursie.<\/strong><\/p>\n\n\n\n<p><strong>&nbsp;\u0141\u0105czy nas Bytom. Bytom-miasto wyj\u0105tkowe.<\/strong><\/p>\n\n\n\n<p>Wczoraj, 8.10.2020 r. w Auli Pa\u0144stwowych Szk\u00f3\u0142 Budownictwa w Bytomiu odby\u0142a si\u0119 uroczysto\u015b\u0107 rozstrzygni\u0119cia konkursu i wr\u0119czenia nagr\u00f3d w konkursie &#8222;Bytom w 100 s\u0142owach&#8221;. Na konkurs nades\u0142ano 170 prac. Oto protok\u00f3\u0142 Komisji:<strong><\/strong><\/p>\n\n\n\n<p>W dniu 21 wrze\u015bnia 2020 r. komisja konkursowa w sk\u0142adzie:<\/p>\n\n\n\n<p>dr hab. Leszek Engelking, Karina Maczuga i Sylwia Tubis wy\u0142oni\u0142a laureat\u00f3w konkursu literackiego &#8222;Bytom w 100 s\u0142owach&#8221;.<\/p>\n\n\n\n<p><strong>I miejsce<\/strong>&nbsp;zdoby\u0142a praca pt.&nbsp;<strong>&#8222;Noc kryszta\u0142owa 9\/10 XI 1938&#8221;<\/strong>. Autor:&nbsp;<strong>Katarzyna Kalus<\/strong><\/p>\n\n\n\n<p><strong>II miejsce<\/strong>&nbsp;&#8211; praca pt. &#8222;<strong>Nied\u017awiedzie wynios\u0142y si\u0119 dawno&#8221;.<\/strong>&nbsp;Autor:&nbsp;<strong>Kamil Ksi\u0105\u017cek<\/strong><\/p>\n\n\n\n<p><strong>III miejsce<\/strong>&nbsp;&#8211; praca pt.&nbsp;<strong>&#8222;Co by by\u0142o gdyby&#8230;&#8221;<\/strong>. Autor:&nbsp;<strong>Micha\u0142 Witas<\/strong><\/p>\n\n\n\n<p>Uwag\u0119 Komisji przyku\u0142y r\u00f3wnie\u017c<strong>&nbsp;limeryki Paw\u0142a Tymirskiego<\/strong>, kt\u00f3ry otrzyma\u0142&nbsp;<strong>wyr\u00f3\u017cnienie honorowe<\/strong>.<\/p>\n\n\n\n<p>Zwyci\u0119\u017ccom serdecznie gratulujemy, a wszystkim uczestnikom dzi\u0119kujemy z udzia\u0142 w konkursie.<\/p>\n\n\n\n<p>Uroczysto\u015b\u0107 u\u015bwietni\u0142 wyst\u0119p uczni\u00f3w bytomskiej Szko\u0142y Muzycznej: Wiktoria Zawodny w utworze<em>&nbsp;Kaprys polski Gra\u017cyny Bacewicz<\/em>&nbsp;oraz duet: Aurora Dynowska &#8211; wiolonczela i Jakub Zawodny &#8211; gitara w&nbsp;&nbsp;<em>I cz\u0119\u015bci Sonaty na gitar\u0119 i wiolonczel\u0119 Radamesa Gnattali.<\/em><\/p>\n\n\n\n<p>Na zako\u0144czenie wyst\u0105pi\u0142 kwartet smyczkowy w sk\u0142adzie: Karolina Karlowska, Magdalena Ogryzek &#8211; skrzypce, Amelia Nowok &#8211; alt\u00f3wka, Natalia Brzezicka &#8211; wiolonczela, wykonuj\u0105c&nbsp;<em>III i IV cz\u0119\u015b\u0107 kwartetu G-dur W. A. Mozarta.<\/em><\/p>\n\n\n\n<p>Dzi\u0119kujemy go\u015bciom, kt\u00f3rzy zaszczycili uroczysto\u015b\u0107 swoj\u0105 obecno\u015bci\u0105.<\/p>\n\n\n\n<p>W tym miejscu chcemy te\u017c podzi\u0119kowa\u0107 tym, bez wsparcia kt\u00f3rych nie uda\u0142oby si\u0119 konkursu zorganizowa\u0107.<\/p>\n\n\n\n<p>Dzi\u0119kujemy wi\u0119c\u00a0<strong>Urz\u0119dowi Miasta<\/strong>\u00a0za wsparcie finansowe, bytomskim firmom &#8211; Centrum Handlowemu<strong>\u00a0AGORA<\/strong>, Centrum Handlowemu\u00a0<strong>PLEJADA<\/strong>, dyrekcji\u00a0<strong>Pa\u0144stwowych Szk\u00f3\u0142 Budownictwa<\/strong>, dyrekcji\u00a0<strong>Bytomskiego Uniwersytetu Trzeciego Wieku<\/strong>, dyrekcji\u00a0<strong>Og\u00f3lnokszta\u0142c\u0105cej Szko\u0142y Muzycznej<\/strong>\u00a0I i II stopnia im. F. Chopina oraz naszym\u00a0<strong>przyjacio\u0142om i rodzinom<\/strong>.<\/p>\n\n\n\n<hr class=\"wp-block-separator has-alpha-channel-opacity\"\/>\n\n\n\n<figure class=\"wp-block-image size-full\"><img loading=\"lazy\" decoding=\"async\" width=\"650\" height=\"306\" src=\"https:\/\/musil.home.pl\/kobiety-bytom\/wp-content\/uploads\/2023\/10\/gala-zaproszenie-2020.png\" alt=\"\" class=\"wp-image-612\" srcset=\"https:\/\/musil.home.pl\/kobiety-bytom\/wp-content\/uploads\/2023\/10\/gala-zaproszenie-2020.png 650w, https:\/\/musil.home.pl\/kobiety-bytom\/wp-content\/uploads\/2023\/10\/gala-zaproszenie-2020-300x141.png 300w\" sizes=\"(max-width: 650px) 100vw, 650px\" \/><\/figure>\n\n\n\n<hr class=\"wp-block-separator has-alpha-channel-opacity\"\/>\n\n\n\n<p><strong>Szanowni Pa\u0144stwo,<\/strong><\/p>\n\n\n\n<p>jest nam niezmiernie mi\u0142o poinfromowa\u0107, \u017ce pomimo &#8211; a mo\u017ce w\u0142a\u015bnie z powodu &#8211; trudnej rzeczywisto\u015bci na nasz konkurs wp\u0142yn\u0119\u0142o ponad 170 prac. Jury jeszcze ci\u0119\u017cko pracuje, bo wyb\u00f3r 3 najlepszych nie jest prosty, ale ju\u017c 8 pa\u017adziernika br. poznamy zwyci\u0119zc\u00f3w.<\/p>\n\n\n\n<p>Wszystkim Autorom serdecznie dzi\u0119kujemy i zapraszamy na fina\u0142.<\/p>\n\n\n\n<figure class=\"wp-block-image size-full\"><img loading=\"lazy\" decoding=\"async\" width=\"600\" height=\"849\" src=\"https:\/\/musil.home.pl\/kobiety-bytom\/wp-content\/uploads\/2023\/10\/bytom_w_100_slowach_2020_wyniki.jpg\" alt=\"\" class=\"wp-image-613\" srcset=\"https:\/\/musil.home.pl\/kobiety-bytom\/wp-content\/uploads\/2023\/10\/bytom_w_100_slowach_2020_wyniki.jpg 600w, https:\/\/musil.home.pl\/kobiety-bytom\/wp-content\/uploads\/2023\/10\/bytom_w_100_slowach_2020_wyniki-212x300.jpg 212w\" sizes=\"(max-width: 600px) 100vw, 600px\" \/><\/figure>\n\n\n\n<hr class=\"wp-block-separator has-alpha-channel-opacity\"\/>\n\n\n\n<p><strong>Stowarzyszenie Liga Kobiet Nieoboj\u0119tnych oraz Bytomskie Centrum Kultury zapraszaj\u0105 na spacer<br>i spotkanie po\u015bwi\u0119cone bytomskiej piosenkarce Karin Stanek, kt\u00f3re odb\u0119dzie si\u0119 w niedziel\u0119<br>27 wrze\u015bnia 2020.<\/strong><\/p>\n\n\n\n<p><strong>Godz. 14:00 \u2013 spacer po Bytomiu \u015bladami Karin Stanek&nbsp;<\/strong>(miejsce wyj\u015bcia spaceru:budynek Wydzia\u0142u Teatru Ta\u0144ca Akademii Sztuk Teatralnych, ul. Pi\u0142sudskiego 24A, Bytom).<\/p>\n\n\n\n<p><strong>Godz. 15:15 &#8211; spotkanie muzyczne<\/strong>&nbsp;\u2013 pos\u0142uchamy nieznanych dot\u0105d szerszej publiczno\u015bci piosenek Karin Stanek, w\u015br\u00f3d nich b\u0119d\u0105 tak\u017ce utwory skomponowane przez artystk\u0119 (miejsce: Bytomskie Centrum Kultury, Plac Karin Stanek 1).<\/p>\n\n\n\n<p>Spotkanie z udzia\u0142em Bartosza Go\u017adzikowskiego i Stefana Papierowskiego.<\/p>\n\n\n\n<p><strong><em>Projekt wsp\u00f3\u0142finansowany ze \u015brodk\u00f3w Gminy Bytom w ramach projektu &#8222;HER I HIS-STORY. Cykl spotka\u0144 historyczno-kulturalnych&#8221;.<\/em><\/strong><strong><em><br><strong>Organizator spotkania: Stowarzyszenie Liga Kobiet Nieoboj\u0119tnych, wsp\u00f3\u0142organizator: Bytomskie Centrum Kultury.<\/strong><\/em><\/strong><\/p>\n\n\n\n<hr class=\"wp-block-separator has-alpha-channel-opacity\"\/>\n\n\n\n<figure class=\"wp-block-image size-large\"><img loading=\"lazy\" decoding=\"async\" width=\"725\" height=\"1024\" src=\"https:\/\/musil.home.pl\/kobiety-bytom\/wp-content\/uploads\/2023\/10\/viii_konk-725x1024.jpg\" alt=\"\" class=\"wp-image-614\" srcset=\"https:\/\/musil.home.pl\/kobiety-bytom\/wp-content\/uploads\/2023\/10\/viii_konk-725x1024.jpg 725w, https:\/\/musil.home.pl\/kobiety-bytom\/wp-content\/uploads\/2023\/10\/viii_konk-212x300.jpg 212w, https:\/\/musil.home.pl\/kobiety-bytom\/wp-content\/uploads\/2023\/10\/viii_konk-768x1085.jpg 768w, https:\/\/musil.home.pl\/kobiety-bytom\/wp-content\/uploads\/2023\/10\/viii_konk-1087x1536.jpg 1087w, https:\/\/musil.home.pl\/kobiety-bytom\/wp-content\/uploads\/2023\/10\/viii_konk.jpg 1132w\" sizes=\"(max-width: 725px) 100vw, 725px\" \/><\/figure>\n\n\n\n<p><strong>VIII Og\u00f3lnopolski Konkurs Pie\u015bni Patriotycznej<\/strong><\/p>\n\n\n\n<p>Zapraszamy do udzia\u0142u w VIII Og\u00f3lnopolskim Konkursie Pie\u015bni Patriotycznej pod patronatem Prezydenta Miasta Bytomia, kt\u00f3rego organizatorem s\u0105: Szko\u0142a Podstawowa nr 45 w Bytomiu, M\u0142odzie\u017cowy Dom Kultury nr 2 w Bytomiu i Liga Kobiet Nieoboj\u0119tnych.<\/p>\n\n\n\n<p>&nbsp;<strong>Przes\u0142uchania konkursowe odb\u0119d\u0105 si\u0119 w II etapach:<\/strong><\/p>\n\n\n\n<p><strong>&nbsp;I etap \u2013 eliminacje<\/strong>&nbsp;\u2013&nbsp; przes\u0142anie nagrania i dokument\u00f3w \u2013 od 01 pa\u017adziernika do 23 pa\u017adziernika 2020 r.<\/p>\n\n\n\n<p><strong>&nbsp;II etap \u2013 przes\u0142uchania fina\u0142owe \u201ena \u017cywo\u201d i fina\u0142 z wr\u0119czeniem nagr\u00f3d<\/strong>&nbsp;\u2013 09 listopada&nbsp; 2020 roku w sali ToTu Bytomskiego Centrum Kultury pl. Karin Stanek 1, 41-902 Bytom.<\/p>\n\n\n\n<p>&nbsp;Patronat medialny nad konkursem obj\u0119\u0142o<strong>&nbsp;\u017bycie Bytomskie.<\/strong><\/p>\n\n\n\n<p><strong>&nbsp;Celem konkursu jest:<\/strong><\/p>\n\n\n\n<p>&nbsp; &nbsp;1. Krzewienie patriotyzmu w\u015br\u00f3d dzieci i m\u0142odzie\u017cy.<\/p>\n\n\n\n<p>&nbsp; &nbsp;2. Pobudzenie dzieci i m\u0142odzie\u017cy do wykonywania polskich pie\u015bni patriotycznych.<\/p>\n\n\n\n<p>&nbsp; &nbsp;3. Popularyzacja \u015bpiewania w\u015br\u00f3d dzieci i m\u0142odzie\u017cy.<\/p>\n\n\n\n<p>&nbsp; &nbsp;4. Promowanie m\u0142odych talent\u00f3w.<\/p>\n\n\n\n<p>&nbsp; &nbsp;5. Samokszta\u0142cenie muzyczne, mo\u017cliwo\u015b\u0107 niezale\u017cnej prezentacji utwor\u00f3w o tematyce patriotycznej i&nbsp; narodowej.<\/p>\n\n\n\n<p>&nbsp; &nbsp;6. Popularyzacja warto\u015bciowych tre\u015bci muzycznych i literackich w pie\u015bniach.<\/p>\n\n\n\n<p>&nbsp;<strong>Szczeg\u00f3\u0142y udzia\u0142u w dokumentach poni\u017cej:<\/strong><\/p>\n\n\n\n<p>&nbsp;<a href=\"https:\/\/www.sp45bytom.pl\/wp-content\/uploads\/2020\/09\/Regulamin-Patriotyczny-2020.docx\" target=\"_blank\" rel=\"noreferrer noopener\">Regulamin VIII Og\u00f3lnopolskiego Konkursu Pie\u015bni Patriotycznej<\/a><\/p>\n\n\n\n<p>&nbsp;<a href=\"https:\/\/www.sp45bytom.pl\/wp-content\/uploads\/2020\/09\/Karta-Zgloszenia-SP45-skonwertowany.pdf\" target=\"_blank\" rel=\"noreferrer noopener\">Karta zg\u0142oszeniowa<\/a><\/p>\n\n\n\n<p>&nbsp;<a href=\"https:\/\/www.sp45bytom.pl\/wp-content\/uploads\/2020\/09\/Zgoda-konkurs-SP45-skonwertowany.pdf\" target=\"_blank\" rel=\"noreferrer noopener\">Zgoda<\/a><\/p>\n\n\n\n<p>&nbsp;<strong>Projekt zosta\u0142&nbsp; dofinansowany ze \u015brodk\u00f3w gminy Bytom<\/strong><\/p>\n\n\n\n<hr class=\"wp-block-separator has-alpha-channel-opacity\"\/>\n\n\n\n<figure class=\"wp-block-image size-full\"><img loading=\"lazy\" decoding=\"async\" width=\"550\" height=\"287\" src=\"https:\/\/musil.home.pl\/kobiety-bytom\/wp-content\/uploads\/2023\/10\/spacer-z-karin-1.png\" alt=\"\" class=\"wp-image-615\" srcset=\"https:\/\/musil.home.pl\/kobiety-bytom\/wp-content\/uploads\/2023\/10\/spacer-z-karin-1.png 550w, https:\/\/musil.home.pl\/kobiety-bytom\/wp-content\/uploads\/2023\/10\/spacer-z-karin-1-300x157.png 300w\" sizes=\"(max-width: 550px) 100vw, 550px\" \/><\/figure>\n\n\n\n<p><strong><em>Karin Stanek jedna z najwi\u0119kszych gwiazd muzycznych drugiej dekady XX wieku. Hity takie jak \u201eCh\u0142opiec z gitar\u0105\u201d, \u201eMalowana lala\u201d czy te\u017c \u201eJedziemy autostopem\u201d znaj\u0105 ca\u0142e pokolenia, jej piosenki na trwa\u0142e zapisa\u0142y si\u0119 w historii polskiej muzyki.<\/em><\/strong><\/p>\n\n\n\n<figure class=\"wp-block-image size-full\"><img loading=\"lazy\" decoding=\"async\" width=\"411\" height=\"550\" src=\"https:\/\/musil.home.pl\/kobiety-bytom\/wp-content\/uploads\/2023\/10\/spacer-z-karin-2.png.jpg\" alt=\"\" class=\"wp-image-616\" srcset=\"https:\/\/musil.home.pl\/kobiety-bytom\/wp-content\/uploads\/2023\/10\/spacer-z-karin-2.png.jpg 411w, https:\/\/musil.home.pl\/kobiety-bytom\/wp-content\/uploads\/2023\/10\/spacer-z-karin-2.png-224x300.jpg 224w\" sizes=\"(max-width: 411px) 100vw, 411px\" \/><\/figure>\n\n\n\n<p><strong>27 wrze\u015bnia 2020, o godzinie 14:00 wsp\u00f3lnie wybierzemy si\u0119 w podr\u00f3\u017c \u015bladami Karin Stanek po Bytomiu. Na niezwyk\u0142y spacer wyruszmy spod Wydzia\u0142u Teatru Ta\u0144ca (ul. Pi\u0142sudskiego 24A, Bytom). Co nale\u017cy z sob\u0105 zabra\u0107? Telefon typu smartfon + s\u0142uchawki, a w razie niepogody parasol. Spacer poprowadzi Bartosz Go\u017adzikowski, tw\u00f3rca audiobooka o Karin Stanek pt. \u201eW\u0119drowny Nieznajomy\u201d.<br>Fina\u0142 spaceru odb\u0119dzie si\u0119 na Placu Karin Stanek, gdzie zrobimy sobie wsp\u00f3lne pami\u0105tkowe zdj\u0119cie oraz us\u0142yszymy o historii placu imienia tej wielkiej piosenkarki.<\/strong><\/p>\n\n\n\n<figure class=\"wp-block-image size-full\"><img loading=\"lazy\" decoding=\"async\" width=\"550\" height=\"413\" src=\"https:\/\/musil.home.pl\/kobiety-bytom\/wp-content\/uploads\/2023\/10\/spacer-z-karin-3.png.jpg\" alt=\"\" class=\"wp-image-617\" srcset=\"https:\/\/musil.home.pl\/kobiety-bytom\/wp-content\/uploads\/2023\/10\/spacer-z-karin-3.png.jpg 550w, https:\/\/musil.home.pl\/kobiety-bytom\/wp-content\/uploads\/2023\/10\/spacer-z-karin-3.png-300x225.jpg 300w\" sizes=\"(max-width: 550px) 100vw, 550px\" \/><\/figure>\n\n\n\n<p>Po spacerze zapraszamy na spotkanie muzyczne oraz s\u0142odki pocz\u0119stunek do budynku Bytomskiego Centrum Kultury \u2013 us\u0142yszymy nieznane dot\u0105d utwory skomponowane przez Karin Stanek. Spotkanie poprowadzi przyjaciel i propagator tw\u00f3rczo\u015bci &nbsp;Karin Stanek,&nbsp; Stefan Papierowski.<\/p>\n\n\n\n<p>Spacer oraz spotkanie potrwaj\u0105 ok. 2 godziny. &nbsp;<\/p>\n\n\n\n<p><strong>ZAPISY: Ze wzgl\u0119du na COVID ilo\u015b\u0107 miejsc na spacerze oraz spotkaniu jest ograniczona.<\/strong>&nbsp;Zapisy prowadzi rzecznik prasowy: Ma\u0142gorzata Kami\u0144ska, telefon: 32\/ 389 31 09 w.116; email:&nbsp;<a href=\"mailto:m.kaminska@becek.pl\">m.kaminska@becek.pl<\/a>.<\/p>\n\n\n\n<p><strong>Projekt wsp\u00f3\u0142finansowany ze \u015brodk\u00f3w Gminy Bytom w ramach projektu &#8222;HER I HIS-STORY. Cykl spotka\u0144 historyczno-kulturalnych&#8221;.<\/strong><\/p>\n\n\n\n<p><strong>Organizator spotkania: Stowarzyszenie Liga Kobiet Nieoboj\u0119tnych, wsp\u00f3\u0142organizator: Bytomskie Centrum Kultury.<\/strong><\/p>\n\n\n\n<hr class=\"wp-block-separator has-alpha-channel-opacity\"\/>\n\n\n\n<p>Powoli zaczynamy wraca\u0107 do normalno\u015bci, pora wi\u0119c poinformowa\u0107, kto w tym roku odbierze zaszczytne tytu\u0142y&nbsp;<strong>Bytomianki i Bytomianina Roku 2019<\/strong>.<\/p>\n\n\n\n<p>Szanowne Panie, Szanowni Panowie!!<\/p>\n\n\n\n<p>Decyzj\u0105 Kapitu\u0142y m\u0119skiej BYTOMIANK\u0104 ROKU 2019 zosta\u0142a&nbsp;<strong>Pani Dorota SIEBIATA-TOMCZYK<\/strong><\/p>\n\n\n\n<p>za\u015b tytu\u0142 BYTOMIANINA ROKU 2019 odbierze&nbsp;<strong>Pan PRZEMO \u0141UKASIK<\/strong><\/p>\n\n\n\n<p>Z sylwetk\u0105 Pani Doroty Siebiata-Tomczyk mo\u017cna si\u0119 zapozna\u0107 w zak\u0142adce Laureatki &#8211; Bytomianka Lata 2019.<\/p>\n\n\n\n<p>Teraz przedstawimy Pa\u0144stwu sylwetk\u0119 Pana Przemo \u0141ukasika, cho\u0107 w\u0142a\u015bciwie mog\u0142abym napisa\u0107, \u017ce to osoba kt\u00f3rej przedstawia\u0107 nie trzeba.<\/p>\n\n\n\n<p>Pan Przemo \u0141ukasik to polski architekt znany w Europie. Marka Bytomia. Doskona\u0142y promotor naszego miasta. Nies\u0142ychanie kreatywny wizjoner o szerokich horyzontach my\u015blowych. Uko\u0144czy\u0142 wydzia\u0142 architektury na Politechnice \u015al\u0105skiej w Gliwicach. Studiowa\u0142 r\u00f3wnie\u017c w Ecole d\u2019Architecture Paris-Villemin w Pary\u017cu. Po sko\u0144czonych studiach pracowa\u0142 w biurach P.P.Pabel Architekten w Berlinie, Jean Nouvel Architecture w Pary\u017cu i Odile Decq\/Benoit Cornette r\u00f3wnie\u017c w Pary\u017cu.Przez rok wyk\u0142ada\u0142 w Ecole Speciale d\u2019Architecture w Pary\u017cu.<\/p>\n\n\n\n<p>W 1997 roku wraz z \u0141ukaszem Zaga\u0142\u0105 za\u0142o\u017cy\u0142 autorsk\u0105 pracowni\u0119 architektoniczn\u0105&nbsp;<strong>medusagroup<\/strong>. Jest tw\u00f3rc\u0105 legendarnego&nbsp;<strong><em>Bolko Loftu&nbsp;<\/em><\/strong>\u2013 pierwszego loftu w Polsce, kt\u00f3ry sta\u0142 si\u0119 ikon\u0105 polskiej architektury. Bolko-Loft to zaadaptowany na w\u0142asny u\u017cytek budynek lampiarni dawnych Zak\u0142ad\u00f3w G\u00f3rniczo-Hutniczych w Bytomiu, w 2006 roku ten projekt zosta\u0142 wybrany jednym z 20 najciekawszych realizacji architektonicznych w Polsce po roku 1989 w konkursie &#8222;<em>Polska. Ikony architektury<\/em>&#8222;. Zainteresowanie pana \u0141ukasika wzornictwem oraz drugim \u017cyciem przedmiot\u00f3w\/obiekt\u00f3w (re-use) przejawia si\u0119 w architekturze biura oraz w projektach z pogranicza sztuki, designu i projektowania spo\u0142ecznie zaanga\u017cowanego (adaptacja spichlerza na lofty, Klopsztanga i rega\u0142 Kista z W. Eknerem). On&nbsp; i&nbsp; pracownia madusagroup s\u0105 laureatami niezliczonej wr\u0119cz liczby nagr\u00f3d i wyr\u00f3\u017cnie\u0144 w r\u00f3\u017cnych konkursach krajowych i mi\u0119dzynarodowych. Jest&nbsp; jurorem w konkursie dla projektant\u00f3w w ramach \u201e<em>Kreacji z natury<\/em>\u201d. Anga\u017cuje si\u0119 spo\u0142ecznie na \u015al\u0105sku.<\/p>\n\n\n\n<p>Bardzo mocno zwi\u0105zany ze sportem, uprawia triathlon. Mieszka i pracuje w Bytomiu. Ojciec dw\u00f3ch syn\u00f3w.<\/p>\n\n\n\n<hr class=\"wp-block-separator has-alpha-channel-opacity\"\/>\n\n\n\n<p><strong>Szanowni Pa\u0144stwo, drodzy Bytomianie!<\/strong><\/p>\n\n\n\n<p><strong>Jak juz wcze\u015bniej infromowa\u0142y\u015bmy w zwi\u0105zku z utrudnieniami, kt\u00f3re dotkn\u0119\u0142y nas wszystkich w ostatnim czasie, komitet organizacyjny&nbsp; postanowi\u0142 przed\u0142u\u017cy\u0107 termin nadsy\u0142ania prac.<\/strong><\/p>\n\n\n\n<p><strong>Nowy termin nadsy\u0142ania prac: do 31 lipca 2020 r.<\/strong><\/p>\n\n\n\n<p>\u017byj\u0105c w tym szczeg\u00f3lnym czasie mierzymy si\u0119 z r\u00f3\u017cnymi trudno\u015bciami, do\u015bwiadczamy nowych uczu\u0107&nbsp;&nbsp;i dozna\u0144, my\u015blimy o rzeczach dawniej spychanych na margines codziennego \u017cycia.<\/p>\n\n\n\n<p>Pozamykani w domach, nierzadko oddzieleni od rodziny i przyjaci\u00f3\u0142 mamy troch\u0119 wi\u0119cej czasu na przemy\u015blenia i refleksj\u0119.<\/p>\n\n\n\n<p>Mo\u017ce to zach\u0119ci Was, by spojrze\u0107 na nasze miasto w \u015bwietle tej nowej sytuacji, napisa\u0107 100 s\u0142\u00f3w o nim&nbsp;&nbsp;i wzi\u0105\u0107 udzia\u0142 w konkursie &#8222;Bytom w 100 s\u0142owach&#8221;.<\/p>\n\n\n\n<p>Planowa\u0142y\u015bmy, \u017ce konkurs odb\u0119dzie si\u0119 w terminach podanych na plakatach, jednak zapewne b\u0119d\u0105 one musia\u0142y ulec zmianie.<\/p>\n\n\n\n<p>Prosimy zatem &#8211; piszcie i przesy\u0142ajcie swoje 100 s\u0142\u00f3w na adres&nbsp;<a href=\"mailto:liga.konkurs.bytom@gmail.com\">liga.konkurs.bytom@gmail.com<\/a>. Regulamin i za\u0142\u0105czniki na naszej stronie &#8211; zak\u0142adka po prawej stronie Actions\/Bytom w 100 s\u0142owach 2020.&nbsp;<\/p>\n\n\n\n<p>W razie pyta\u0144 mo\u017cna dzwoni\u0107 pod numer telefonu 692&nbsp;399 307.<\/p>\n\n\n\n<p>Dzi\u0119kujemy tym, kt\u00f3rzy ju\u017c nades\u0142ali swoje prace. Czekamy na dalsze!!!<\/p>\n\n\n\n<p>&nbsp;<em>Komitet organizacyjny konkursu &#8222;Bytom w 100 s\u0142owach&#8221;<\/em><\/p>\n\n\n\n<hr class=\"wp-block-separator has-alpha-channel-opacity\"\/>\n\n\n\n<figure class=\"wp-block-image size-full\"><img loading=\"lazy\" decoding=\"async\" width=\"400\" height=\"300\" src=\"https:\/\/musil.home.pl\/kobiety-bytom\/wp-content\/uploads\/2023\/10\/zakoczenie-poar-mickiewicza-m.jpg\" alt=\"\" class=\"wp-image-618\" srcset=\"https:\/\/musil.home.pl\/kobiety-bytom\/wp-content\/uploads\/2023\/10\/zakoczenie-poar-mickiewicza-m.jpg 400w, https:\/\/musil.home.pl\/kobiety-bytom\/wp-content\/uploads\/2023\/10\/zakoczenie-poar-mickiewicza-m-300x225.jpg 300w\" sizes=\"(max-width: 400px) 100vw, 400px\" \/><\/figure>\n\n\n\n<p><strong>Darczy\u0144com serdecznie dzi\u0119kujemy!<\/strong><\/p>\n\n\n\n<hr class=\"wp-block-separator has-alpha-channel-opacity\"\/>\n\n\n\n<p><strong>Z przykro\u015bci\u0105 infromujemy, \u017ce z przyczyn od nas niezale\u017cnych zostaje odwo\u0142ana uroczysto\u015b\u0107 wr\u0119czenia tytu\u0142u Bytomianki Wiosny 2019 pani Ilonie Jagodzie, kt\u00f3ra mia\u0142a si\u0119 odby\u0107 6 marca w M\u0142odzie\u017cowym Domu Kultury nr 1 w Bytomiiu.<\/strong><\/p>\n\n\n\n<hr class=\"wp-block-separator has-alpha-channel-opacity\"\/>\n\n\n\n<p>Dwa lata temu po raz pierwszy odby\u0142 sie konkurs &#8222;Bytom w 100 s\u0142owach&#8221;. Cieszy\u0142 si\u0119 du\u017cym zaintresowaniem Bytomian. Nap\u0142yn\u0119\u0142o ponad 70 prac. W tym roku po raz drugi mamy przyjemno\u015b\u0107 zaprosi\u0107 do udzia\u0142u w II edycji konkursu.<\/p>\n\n\n\n<p>Dla przypomnienia<strong>&nbsp;&#8211; &#8222;Bytom<\/strong>&nbsp;<strong>w 100 s\u0142owach&#8221;<\/strong>&nbsp;to konkurs na ma\u0142\u0105 form\u0119 literack\u0105, ograniczon\u0105 do 100 s\u0142\u00f3w, kt\u00f3rej g\u0142\u00f3wnym bohaterem jest nasze&nbsp;&nbsp;miasto. Jest&nbsp;&nbsp;skierowany&nbsp; do mieszka\u0144c\u00f3w i wszystkich&nbsp;&nbsp;os\u00f3b w jakikolwiek spos\u00f3b zwi\u0105zanych z Bytomiem.<\/p>\n\n\n\n<figure class=\"wp-block-image\"><img decoding=\"async\" src=\"http:\/\/liga\/images\/bytom%20w%20100%20sowach%20plakat%202020.jpg\" alt=\"\"\/><\/figure>\n\n\n\n<p><strong>Regulamin i za\u0142\u0105czniki<\/strong>&nbsp;znajduj\u0105 si\u0119 w zak\u0142adce po prawej stronie:<strong><\/strong><\/p>\n\n\n\n<p><strong>Actions\/Bytom w 100 s\u0142owach 2020<\/strong><\/p>\n\n\n\n<hr class=\"wp-block-separator has-alpha-channel-opacity\"\/>\n\n\n\n<figure class=\"wp-block-image size-full\"><img loading=\"lazy\" decoding=\"async\" width=\"500\" height=\"375\" src=\"https:\/\/musil.home.pl\/kobiety-bytom\/wp-content\/uploads\/2023\/10\/koncert-dla-m.konik-m.jpg\" alt=\"\" class=\"wp-image-619\" srcset=\"https:\/\/musil.home.pl\/kobiety-bytom\/wp-content\/uploads\/2023\/10\/koncert-dla-m.konik-m.jpg 500w, https:\/\/musil.home.pl\/kobiety-bytom\/wp-content\/uploads\/2023\/10\/koncert-dla-m.konik-m-300x225.jpg 300w\" sizes=\"(max-width: 500px) 100vw, 500px\" \/><\/figure>\n\n\n\n<p>M\u0142odzi arty\u015bci, pokazy akrobatyczne i wyst\u0119py wokalno-instrumentalne, a to wszystko w ramach koncertu dla Marty Konik \u2013 szesnastoletniej mieszkanki Radzionkowa, u kt\u00f3rej stwierdzono nowotw\u00f3r. W pi\u0105tek, 28 lutego w Beceku odby\u0142 si\u0119 charytatywny koncert, podczas kt\u00f3rego uda\u0142o si\u0119 zebra\u0107 prawie 13 tys. z\u0142.<\/p>\n\n\n\n<p>Marta Konik ma 16 lat. Trudny czas choroby rozpocz\u0105\u0142 si\u0119 dla niej we wrze\u015bniu 2018 roku. Po trzech operacjach i d\u0142ugim okresie diagnozowania stwierdzono nowotw\u00f3r. Dziewczyna przesz\u0142a chemioterapi\u0119, a kolejnym etapem jest leczenie lekiem nowej generacji \u2013 trabektedyn\u0105, kt\u00f3ry daje szanse na \u017cycie.<\/p>\n\n\n\n<p>Podczas koncertu wyst\u0105pili dla Marty go\u015bcie o wyj\u0105tkowych talentach. Wielu z nich bra\u0142o udzia\u0142 w lokalnych oraz og\u00f3lnopolskich konkursach takich jak \u201eMam talent\u201d czy \u201eVoice o Poland\u201d. Ca\u0142y doch\u00f3d z wydarzenia, podczas kt\u00f3rego zebrano \u0142\u0105cznie 12 956 z\u0142, przekazany zostanie na leczenie Marty Konik.&nbsp;<em>(Tekst T. Sanecki)<\/em><\/p>\n\n\n\n<p>Dzi\u0119kujemy wszystkim, kt\u00f3rzy swoj\u0105 obecno\u015bci\u0105 przyczynili si\u0119 do pomocy Marcie. Bez Was by\u0142oby to niemo\u017cliwe.<\/p>\n\n\n\n<p>A to podzi\u0119kowania od niej!<\/p>\n\n\n\n<figure class=\"wp-block-image size-full\"><img loading=\"lazy\" decoding=\"async\" width=\"400\" height=\"533\" src=\"https:\/\/musil.home.pl\/kobiety-bytom\/wp-content\/uploads\/2023\/10\/m.konik-podzikowanie.jpg\" alt=\"\" class=\"wp-image-620\" srcset=\"https:\/\/musil.home.pl\/kobiety-bytom\/wp-content\/uploads\/2023\/10\/m.konik-podzikowanie.jpg 400w, https:\/\/musil.home.pl\/kobiety-bytom\/wp-content\/uploads\/2023\/10\/m.konik-podzikowanie-225x300.jpg 225w\" sizes=\"(max-width: 400px) 100vw, 400px\" \/><\/figure>\n\n\n\n<hr class=\"wp-block-separator has-alpha-channel-opacity\"\/>\n","protected":false},"excerpt":{"rendered":"<p>Protok\u00f3\u0142 z posiedzenia obrad JURY VIII Og\u00f3lnopolskiego Konkursu&nbsp;&nbsp;Pie\u015bni Patriotycznej pod patronatem Ministra Edukacji Narodowej i Prezydenta Miasta Bytomia \u2013 II etap sporz\u0105dzony w dniu:06.11.2020r. w M\u0142odzie\u017cowym Domu Kultury nr 2 w Bytomiu Na konkurs wp\u0142yn\u0119\u0142o&nbsp;&nbsp;286 zg\u0142osze\u0144 z 15 wojew\u00f3dztw. Do oceny powo\u0142ano komisj\u0119 w sk\u0142adzie: &#8211;&nbsp;Aleksandra Stok\u0142osa &#8211; przewodnicz\u0105ca komisji: doktor sztuk muzycznych w dyscyplinie artystycznej wokalistyka na Akademii Muzycznej im. K.&nbsp;Szymanowskiego w Katowicach, &#8211; solistka&nbsp;Opery \u015al\u0105skiej w Bytomiu, -studia uko\u0144czy\u0142a z wyr\u00f3\u017cnieniem w 1997r, w klasie prof. Michaliny Growiec, koncertowa\u0142a na estradach w kraju, bior\u0105c udzia\u0142 m.in. w wykonaniu oper: &#8222;Wesele Figara&#8221; W. A. Mozarta, &#8222;Nap\u00f3j Mi\u0142osny&#8221;&nbsp;G.&nbsp;Donizzettiego,&nbsp;&#8222;Domek Trzech Dziewcz\u0105t&#8221; F. Schuberta, a tak\u017ce w &#8222;Pastora\u0142ce&#8221; L. Schillera i &#8222;Mszy Kreolskiej&#8221; A. Ramireza. W latach 1994-1997 doskonali\u0142a swoj\u0105 technik\u0119 wokaln\u0105 na kursach mistrzowskich we W\u0142oszech pod kierunkiem&nbsp;Katii&nbsp;Ricciarelli. Wsp\u00f3\u0142pracowa\u0142a z Teatrem Muzycznym w Gliwicach gdzie wyst\u0119powa\u0142a w g\u0142\u00f3wnych partiach. Wyst\u0119powa\u0142a w Operze \u015al\u0105skiej wraz z Wies\u0142awem Ochmanem, co zaowocowa\u0142o dalszymi wsp\u00f3lnymi wyst\u0119pami m.in. w Teatrze Polskim w Warszawie, w Teatrze Stanis\u0142awowskim, na scenie Opery Narodowej w Koncercie Galowym Laureat\u00f3w BCC, na koncercie Fundacji &#8222;Auxilium&#8221; i &#8222;Nasza Cz\u0119stochowa&#8221;, a tak\u017ce na wielu koncertach okoliczno\u015bciowych i charytatywnych. Za\u015bpiewa\u0142a seri\u0119 koncert\u00f3w m.in. w Filharmonii Szczeci\u0144skiej, w Filharmonii \u015al\u0105skiej, w Filharmonii Bia\u0142ostockiej, Olszty\u0144skiej, Koszali\u0144skiej, Opolskiej, Zielonog\u00f3rskiej. Wsp\u00f3\u0142pracuje tak\u017ce z Oper\u0105 Ba\u0142tyck\u0105, z Mazowieckim Teatrem Muzycznym Operetka gdzie wyst\u0119powa\u0142a w koncertach po\u015bwi\u0119conych pami\u0119ci Jana Kiepury oraz w &#8222;Zem\u015bcie Nietoperza&#8221;. Artystka wyst\u0119powa\u0142a mi\u0119dzy innymi w Belgii, S\u0142owacji, na W\u0119grzech, we W\u0142oszech, w Niemczech, w Stanach Zjednoczonych, Kanadzie, Wielkiej Brytanii. &#8211; Artystka uczestniczy\u0142a wielokrotnie w Kursach Interpretacji Muzyki Oratoryjno-Kantatowej w ramach Festiwalu &#8222;Wratislavia&nbsp;&#8211;&nbsp;Cantans&#8221;. &#8211; mgr Joanna Prus \u2013 Kaczkowska: &#8211; dyrektor M\u0142odzie\u017cowego Domu Kultury nr 2 w Bytomiu, &#8211; absolwentka Akademii Muzycznej w Katowicach, &#8211; nauczyciel sekcji rytmiki i instrument\u00f3w klawiszowych, &#8211; wsp\u00f3\u0142tw\u00f3rczyni wielu aran\u017cy muzycznych. &nbsp;&#8211; mgr Anna Akram: &#8211;&nbsp;&nbsp;absolwentka Akademii Muzycznej we Wroc\u0142awiu, &#8211; prowadzi\u0142a zaj\u0119cia z emisji g\u0142osu z zespo\u0142em Pie\u015bni i Ta\u0144ca Wroc\u0142aw, &#8211; przez 3 lata by\u0142a zwi\u0105zana z ch\u00f3rem Opery we Wroc\u0142awiu, &#8211; przez 6 lat by\u0142a te\u017c wokalistk\u0105 ch\u00f3ru kameralnego Synagogi pod Bia\u0142ym Bocianem. &#8211; od 13 lat szkoli wokalist\u00f3w, ci\u0105gle poznaj\u0105c i wdra\u017caj\u0105c nowatorskie metody pracy. Komisja ocenia\u0142a utwory zgodnie z kryteriami podanymi w regulaminie. Oceny dokonano w czterech kategoriach wiekowych: I&nbsp;&nbsp;kategoria: 7- 9 lat II kategoria: 10 -13 lat III kategoria: 14- 16 lat IV kategoria: 17 \u2013 20 lat WYNIKI: Lista&nbsp;&nbsp;finalist\u00f3w: I kategoria: I Lena Figler&nbsp;&nbsp;&#8211; K\u0142omnice I Natalia Kulka \u2013 Piekary \u015al\u0105skie II \u2013 Milena B\u0105k \u2013 K\u0142omnice III \u2013 Julia Jurkiewicz \u2013 Zawiercie Wyr\u00f3\u017cnienia: Lilianna Kowalczyk &#8211; Katowice Michalina Lukosz &#8211; Bytom Maksymilian Piwko &#8211; Gliwice Anna Soboniak &#8211; Mykan\u00f3w Pola Kowalczyk \u2013 K\u0119dzierzyn &#8211; Ko\u017ale Zuzanna \u017burek &#8211; Jaworzno Weronika Wieczorek &#8211; Mory\u0144 Artur Rastawicki \u2013 Katowice II kategoria: I miejsce &#8211; Hania W\u0142odarczyk &#8211; Wielu\u0144 II miejsce \u2013 Lena Sikora &#8211; Szczecin III miejsce \u2013 Aleksandra Juchniewicz &#8211; Szczecin III miejsce \u2013 Laura Rumpel &#8211; Knur\u00f3w wyr\u00f3\u017cnienia: Dominik Komander \u2013 K\u0119dzierzyn &#8211; Ko\u017ale Magdalena Komarek &#8211; Mszana Rosiak Julia &#8211; Bytom Zuzanna Gajor \u2013 Lublin Kamil Kosowski &#8211; Tuchola Nikola Struk \u2013 Dobre Miasto Oliwia Soko\u0142a \u2013 Piekary \u015al\u0105skie Lilianna Czarnecka \u2013 Ostrowiec \u015awi\u0119tokrzyski Sara Niemczyk &#8211; Zag\u00f3rz Gabriela Katzer &#8211; BRAK Klaudia Kutyba &#8211; \u015awidnica III kategoria: I miejsce \u2013 Nadia Tomczak &#8211; Stryk\u00f3w II miejsce \u2013 Aleksandra Parszywka &#8211; My\u015blenice III \u2013 Paulina Szczygielska &#8211; Tychy III \u2013 Daniel Nowak &#8211; Bytom wyr\u00f3\u017cnienia: Anna Wolska \u2013 Ci\u0105gowice Aleksandra Jedy\u0144ska \u2013 Katowice Wiktoria Siudyka \u2013&nbsp;&nbsp;D\u0105browa G\u00f3rnicza Nikola Wojciechowska \u2013 Lublin Julia Soko\u0142 \u2013 Knur\u00f3w Ewelina Kupska \u2013 Bia\u0142a Amelia Zwiech \u2013 Bia\u0142a&nbsp; Emilia Bienas \u2013 Bytom Sara Majchrzak \u2013 Leszno Emily Ezekwe \u2013 Kostrzyn Pola Szcze\u015bniewska \u2013 Wierzchowisko Naralia Froch \u2013 Poczesna IV kategoria: I miejsce \u2013 Natalia Siekierka \u2013 Katowice II miejsce \u2013 Nina Kumorek \u2013 \u017bywiec III miejsce \u2013 Wiktoria Konieczniak &#8211; Myszk\u00f3w III miejsce \u2013 Monika Wieczorek &#8211; Tychy wyr\u00f3\u017cnienie: Patrycja Tomczyk \u2013 Boles\u0142aw Grand Prix: Emilia Szcze\u015bniak \u2013 \u0141uk\u00f3w (kat. II) Na tym protok\u00f3\u0142 zako\u0144czono. Uwaga! Stowarzyszenie Liga Kobiet Nieoboj\u0119tnych, kieruj\u0105c si\u0119 dobrem i bezpiecze\u0144stwem laureat\u00f3w plebiscytu i zaproszonych go\u015bci, informuje, \u017ce&nbsp;Gala Bytomianki i Bytomianina Roku 2019, kt\u00f3ra mia\u0142a si\u0119 odby\u0107 24 pa\u017adziernika 2020 r., zostaje&nbsp;odwo\u0142ana.Aby godnie uhonorowa\u0107 osoby, kt\u00f3re otrzyma\u0142y tytu\u0142 Bytomianki i Bytomianina Roku, wydarzenie to&nbsp;&nbsp;zawsze mia\u0142o podnios\u0142y charakter. Niestety obecna sytuacja epidemiologiczna nie pozwala na zorganizowanie Gali na dotychczasowych zasadach. Uroczysto\u015b\u0107 odb\u0119dzie si\u0119 w dogodnym dla nas wszystkich czasie, o czym zostan\u0105 Pa\u0144stwo poinformowani. Prace nagrodzone w konkursie &#8222;Bytom w 100 s\u0142owach&#8221; I miejsce Katarzyna Kalus \u201eNoc kryszta\u0142owa 9\/10 XI 1938\u201d &#8211; Mamo!? Mamo!? &#8211; Ryfka, szybko! Chod\u017a, kochanie, nie b\u00f3j si\u0119. &#8211; Dlaczego oni to robi\u0105, mamo? Co z nami b\u0119dzie? Dziewi\u0119cioletnia, wychudzona dziewczynka, skulona, trz\u0119sie si\u0119 w ramionach matki. \u201eCo w\u0142a\u015bciwie si\u0119 dzieje?\u201d my\u015bli, \u201eTatu\u015b z innymi m\u0119\u017cczyznami pr\u00f3buje gasi\u0107 nasz\u0105 synagog\u0119, pal\u0105 si\u0119 sklepy, w uszach brz\u0119czy od huku szk\u0142a\u2026\u201d. Przez male\u0144k\u0105 szpar\u0119 w zas\u0142onie, Ryfka widzi pana Barucha, w\u0142a\u015bciciela piekarni, kl\u0119cz\u0105cego, zas\u0142aniaj\u0105cego twarz d\u0142o\u0144mi. Witryny piekarni nie ma, zosta\u0142a rozbita na miliony kryszta\u0142owych kawa\u0142k\u00f3w, ca\u0142a Gleiwitz Strasse b\u0142yszczy od szk\u0142a. Na drzwiach Niemcy czerwon\u0105 farb\u0105 namalowali gwiazd\u0119 Dawida. Dziewczynka, wychylaj\u0105c si\u0119 nieco spod ramienia matki, widzi w oddali ci\u0119\u017car\u00f3wk\u0119, do kt\u00f3rej Niemcy zaganiaj\u0105 m\u0119\u017cczyzn, strach o \u017cycie taty parali\u017cuje i Ryfk\u0119 i jaj mam\u0119. II miejsce Kamil Ksi\u0105\u017cek &#8211; \u201eNied\u017awiedzie wynios\u0142y si\u0119 dawno\u201d Porzuci\u0142am marzenia o \u015bnie. Poranne s\u0142o\u0144ce strzepa\u0142o z twarzy niewygodny py\u0142 w\u0119glowy; bez niego noce zimne, zw\u0142aszcza teraz, w listopadzie. Gdy niech\u0119tnie swoje cielsko do pionu ustawia miasto, gdy przez klepsydr\u0119 gula piachu ci\u015bnie czas, tn\u0119, jak nieprzytomna, przez park Franciszka, sk\u0105d nied\u017awiedzie wynios\u0142y si\u0119 dawno. Zimno, zgodz\u0105 si\u0119 Panie Kaczki, \u017ce zimno tak bie\u017cy\u0107 z rana, ale czy to w jednym Bytomiu poranki tak wbijaj\u0105 \u015bwiat\u0142a drzazgi? S\u0142ysz\u0119 brz\u0119k butelek dzwoni\u0105cych w reklam\u00f3wkach, szuraj\u0105 po chodniku s\u0142omiane miot\u0142y dozorc\u00f3w, t\u0142ucze si\u0119 krzywym torem dwug\u0142owa banka. Kto\u015b rzuca przekle\u0144stwem, inny kto\u015b zakl\u0119ciem. Jestem tu, pulsuj\u0119 pod sk\u00f3r\u0105 miasta. Wci\u0105gam pierwszy \u0142yk kawy, zaskoczona jak zwykle, \u017ce nikt nie ogoli\u0142 w nocy \u015bpi\u0105cego lwa. III&nbsp;miejsce Micha\u0142 Witas \u201eCo by by\u0142o, gdyby\u2026..\u201d Micha\u0142 zerwa\u0142 kartk\u0119 z kalendarza. By\u0142 szesnasty sierpnia 1942 roku. Na ten dzie\u0144 i na ten mecz czeka\u0142 od dawna. Cieszy\u0142 si\u0119, \u017ce Polska zagra z Niemcami w\u0142a\u015bnie w jego mie\u015bcie \u2013 w Bytomiu, zwanym przez Niemc\u00f3w Beuthen. Cieszy\u0142 si\u0119, \u017ce mecz si\u0119 w og\u00f3le odb\u0119dzie, Nie wa\u017cne, jaki b\u0119dzie wynik, ile bramek strzeli wspania\u0142y Ernest Wilimowski, i \u017ce na trybunach b\u0119d\u0105 kanclerz Adenauer i prezydent Rydz-\u015amig\u0142y. Spojrza\u0142 jeszcze raz w kalendarz. Dobrze pami\u0119ta\u0142 tamten straszny sierpie\u0144 sprzed trzech lat. Naprawd\u0119 si\u0119 wtedy ba\u0142. Wojna wisia\u0142a w powietrzu. Kto wie, co by by\u0142o, gdyby nie nag\u0142a \u015bmier\u0107 Adolfa Hitlera i w konsekwencji upadek jego krwawego re\u017cimu\u2026 Ale to nie by\u0142 czas na wspomnienia, ani na gdybanie\u2026 &#8211; Do boju Polsko! Wyr\u00f3\u017cnienie honorowe Pawe\u0142 Tymirski &#8211; Limeryki Mi\u0142o\u015b\u0107 8-bitowa Informatyk z miasta Bytom wyzna\u0142 mi\u0142o\u015b\u0107 o\u015bmiu bitom. Takowe zboczenie wprawia w os\u0142upienie, nie u\u015bmiecha si\u0119 elitom. Chuda judoczka Raz judoczka z miasta Bytom, dzi\u0119ki dobrze zgranym chwytom, wygra\u0142a, cho\u0107 chuda, mo\u017ce jej si\u0119 uda wspi\u0105\u0107 si\u0119 w sporcie hen, ku szczytom. Rycerz bez zbroi Do osady pod Bytomiem przyby\u0142 rycerz ze swym koniem. Zapomnia\u0142 zbroi, cho\u0107 nie przystoi, okrzykni\u0119to go gamoniem. Kamieniarz Raz kamieniarz w mie\u015bcie Bytom wi\u00f3z\u0142 granitu ska\u0142\u0119 lit\u0105 do warsztatu. Nagle, a tu \u2013 wjecha\u0142 w dziur\u0119 w jezdni skryt\u0105. Szanowni Autorzy prac nades\u0142anych na konkurs \u201eBytom w 100 s\u0142owach\u201d &nbsp;Dzi\u0119kujemy, \u017ce zechcieli Pa\u0144stwo podzieli\u0107 si\u0119 z nami swoimi refleksjami i wzi\u0105\u0107 udzia\u0142 w Konkursie. &nbsp;\u0141\u0105czy nas Bytom. Bytom-miasto wyj\u0105tkowe. Wczoraj, 8.10.2020 r. w Auli Pa\u0144stwowych Szk\u00f3\u0142 Budownictwa w Bytomiu odby\u0142a si\u0119 uroczysto\u015b\u0107 rozstrzygni\u0119cia konkursu i wr\u0119czenia nagr\u00f3d w konkursie &#8222;Bytom w 100 s\u0142owach&#8221;. Na konkurs nades\u0142ano 170 prac. Oto protok\u00f3\u0142 Komisji: W dniu 21 wrze\u015bnia 2020 r. komisja konkursowa w sk\u0142adzie: dr hab. Leszek Engelking, Karina Maczuga i Sylwia Tubis wy\u0142oni\u0142a laureat\u00f3w konkursu literackiego &#8222;Bytom w 100 s\u0142owach&#8221;. I miejsce&nbsp;zdoby\u0142a praca pt.&nbsp;&#8222;Noc kryszta\u0142owa 9\/10 XI 1938&#8221;. Autor:&nbsp;Katarzyna Kalus II miejsce&nbsp;&#8211; praca pt. &#8222;Nied\u017awiedzie wynios\u0142y si\u0119 dawno&#8221;.&nbsp;Autor:&nbsp;Kamil Ksi\u0105\u017cek III miejsce&nbsp;&#8211; praca pt.&nbsp;&#8222;Co by by\u0142o gdyby&#8230;&#8221;. Autor:&nbsp;Micha\u0142 Witas Uwag\u0119 Komisji przyku\u0142y r\u00f3wnie\u017c&nbsp;limeryki Paw\u0142a Tymirskiego, kt\u00f3ry otrzyma\u0142&nbsp;wyr\u00f3\u017cnienie honorowe. Zwyci\u0119\u017ccom serdecznie gratulujemy, a wszystkim uczestnikom dzi\u0119kujemy z udzia\u0142 w konkursie. Uroczysto\u015b\u0107 u\u015bwietni\u0142 wyst\u0119p uczni\u00f3w bytomskiej Szko\u0142y Muzycznej: Wiktoria Zawodny w utworze&nbsp;Kaprys polski Gra\u017cyny Bacewicz&nbsp;oraz duet: Aurora Dynowska &#8211; wiolonczela i Jakub Zawodny &#8211; gitara w&nbsp;&nbsp;I cz\u0119\u015bci Sonaty na gitar\u0119 i wiolonczel\u0119 Radamesa Gnattali. Na zako\u0144czenie wyst\u0105pi\u0142 kwartet smyczkowy w sk\u0142adzie: Karolina Karlowska, Magdalena Ogryzek &#8211; skrzypce, Amelia Nowok &#8211; alt\u00f3wka, Natalia Brzezicka &#8211; wiolonczela, wykonuj\u0105c&nbsp;III i IV cz\u0119\u015b\u0107 kwartetu G-dur W. A. Mozarta. Dzi\u0119kujemy go\u015bciom, kt\u00f3rzy zaszczycili uroczysto\u015b\u0107 swoj\u0105 obecno\u015bci\u0105. W tym miejscu chcemy te\u017c podzi\u0119kowa\u0107 tym, bez wsparcia kt\u00f3rych nie uda\u0142oby si\u0119 konkursu zorganizowa\u0107. Dzi\u0119kujemy wi\u0119c\u00a0Urz\u0119dowi Miasta\u00a0za wsparcie finansowe, bytomskim firmom &#8211; Centrum Handlowemu\u00a0AGORA, Centrum Handlowemu\u00a0PLEJADA, dyrekcji\u00a0Pa\u0144stwowych Szk\u00f3\u0142 Budownictwa, dyrekcji\u00a0Bytomskiego Uniwersytetu Trzeciego Wieku, dyrekcji\u00a0Og\u00f3lnokszta\u0142c\u0105cej Szko\u0142y Muzycznej\u00a0I i II stopnia im. F. Chopina oraz naszym\u00a0przyjacio\u0142om i rodzinom. Szanowni Pa\u0144stwo, jest nam niezmiernie mi\u0142o poinfromowa\u0107, \u017ce pomimo &#8211; a mo\u017ce w\u0142a\u015bnie z powodu &#8211; trudnej rzeczywisto\u015bci na nasz konkurs wp\u0142yn\u0119\u0142o ponad 170 prac. Jury jeszcze ci\u0119\u017cko pracuje, bo wyb\u00f3r 3 najlepszych nie jest prosty, ale ju\u017c 8 pa\u017adziernika br. poznamy zwyci\u0119zc\u00f3w. Wszystkim Autorom serdecznie dzi\u0119kujemy i zapraszamy na fina\u0142. Stowarzyszenie Liga Kobiet Nieoboj\u0119tnych oraz Bytomskie Centrum Kultury zapraszaj\u0105 na spaceri spotkanie po\u015bwi\u0119cone bytomskiej piosenkarce Karin Stanek, kt\u00f3re odb\u0119dzie si\u0119 w niedziel\u011927 wrze\u015bnia 2020. Godz. 14:00 \u2013 spacer po Bytomiu \u015bladami Karin Stanek&nbsp;(miejsce wyj\u015bcia spaceru:budynek Wydzia\u0142u Teatru Ta\u0144ca Akademii Sztuk Teatralnych, ul. Pi\u0142sudskiego 24A, Bytom). Godz. 15:15 &#8211; spotkanie muzyczne&nbsp;\u2013 pos\u0142uchamy nieznanych dot\u0105d szerszej publiczno\u015bci piosenek Karin Stanek, w\u015br\u00f3d nich b\u0119d\u0105 tak\u017ce utwory skomponowane przez artystk\u0119 (miejsce: Bytomskie Centrum Kultury, Plac Karin Stanek 1). Spotkanie z udzia\u0142em Bartosza Go\u017adzikowskiego i Stefana Papierowskiego. Projekt wsp\u00f3\u0142finansowany ze \u015brodk\u00f3w Gminy Bytom w ramach projektu &#8222;HER I HIS-STORY. Cykl spotka\u0144 historyczno-kulturalnych&#8221;.Organizator spotkania: Stowarzyszenie Liga Kobiet Nieoboj\u0119tnych, wsp\u00f3\u0142organizator: Bytomskie Centrum Kultury. VIII Og\u00f3lnopolski Konkurs Pie\u015bni Patriotycznej Zapraszamy do udzia\u0142u w VIII Og\u00f3lnopolskim Konkursie Pie\u015bni Patriotycznej pod patronatem Prezydenta Miasta Bytomia, kt\u00f3rego organizatorem s\u0105: Szko\u0142a Podstawowa nr 45 w Bytomiu, M\u0142odzie\u017cowy Dom Kultury nr 2 w Bytomiu i Liga Kobiet Nieoboj\u0119tnych. &nbsp;Przes\u0142uchania konkursowe odb\u0119d\u0105 si\u0119 w II etapach: &nbsp;I etap \u2013 eliminacje&nbsp;\u2013&nbsp; przes\u0142anie nagrania i dokument\u00f3w \u2013 od 01 pa\u017adziernika do 23 pa\u017adziernika 2020 r. &nbsp;II etap \u2013 przes\u0142uchania fina\u0142owe \u201ena \u017cywo\u201d i fina\u0142 z wr\u0119czeniem nagr\u00f3d&nbsp;\u2013 09 listopada&nbsp; 2020 roku w sali ToTu Bytomskiego Centrum Kultury pl. Karin Stanek 1, 41-902 Bytom. &nbsp;Patronat medialny nad konkursem obj\u0119\u0142o&nbsp;\u017bycie Bytomskie. &nbsp;Celem konkursu jest: &nbsp; &nbsp;1. Krzewienie patriotyzmu w\u015br\u00f3d dzieci i m\u0142odzie\u017cy. &nbsp; &nbsp;2. Pobudzenie dzieci i m\u0142odzie\u017cy do wykonywania polskich pie\u015bni patriotycznych. &nbsp; &nbsp;3. Popularyzacja \u015bpiewania w\u015br\u00f3d dzieci i m\u0142odzie\u017cy. &nbsp; &nbsp;4. Promowanie m\u0142odych talent\u00f3w. &nbsp; &nbsp;5. Samokszta\u0142cenie muzyczne, mo\u017cliwo\u015b\u0107 niezale\u017cnej prezentacji utwor\u00f3w o tematyce patriotycznej i&nbsp; narodowej. &nbsp; &nbsp;6. Popularyzacja warto\u015bciowych tre\u015bci muzycznych i literackich w pie\u015bniach. &nbsp;Szczeg\u00f3\u0142y udzia\u0142u w dokumentach poni\u017cej: &nbsp;Regulamin VIII Og\u00f3lnopolskiego Konkursu Pie\u015bni Patriotycznej &nbsp;Karta zg\u0142oszeniowa &nbsp;Zgoda &nbsp;Projekt zosta\u0142&nbsp; dofinansowany ze \u015brodk\u00f3w gminy Bytom Karin Stanek jedna z najwi\u0119kszych gwiazd muzycznych drugiej dekady XX wieku. Hity takie jak \u201eCh\u0142opiec z gitar\u0105\u201d, \u201eMalowana lala\u201d czy te\u017c \u201eJedziemy autostopem\u201d znaj\u0105 ca\u0142e pokolenia, jej piosenki na trwa\u0142e zapisa\u0142y si\u0119 w historii polskiej muzyki. 27 wrze\u015bnia 2020, o godzinie 14:00 wsp\u00f3lnie wybierzemy si\u0119 w podr\u00f3\u017c \u015bladami Karin Stanek po Bytomiu. Na niezwyk\u0142y spacer wyruszmy spod Wydzia\u0142u Teatru Ta\u0144ca (ul. Pi\u0142sudskiego 24A, Bytom). Co nale\u017cy z sob\u0105 zabra\u0107? Telefon typu smartfon + s\u0142uchawki, a w razie niepogody parasol. Spacer poprowadzi Bartosz Go\u017adzikowski, tw\u00f3rca audiobooka o Karin Stanek pt. \u201eW\u0119drowny Nieznajomy\u201d.Fina\u0142 spaceru odb\u0119dzie si\u0119 na Placu Karin Stanek, gdzie zrobimy sobie wsp\u00f3lne pami\u0105tkowe zdj\u0119cie oraz us\u0142yszymy o historii placu imienia tej wielkiej piosenkarki. Po spacerze zapraszamy na spotkanie muzyczne oraz s\u0142odki pocz\u0119stunek do budynku Bytomskiego Centrum Kultury \u2013 us\u0142yszymy nieznane dot\u0105d utwory skomponowane przez Karin Stanek. Spotkanie poprowadzi przyjaciel i propagator tw\u00f3rczo\u015bci &nbsp;Karin Stanek,&nbsp; Stefan Papierowski. Spacer oraz spotkanie potrwaj\u0105 ok. 2 godziny. &nbsp; ZAPISY: Ze wzgl\u0119du na COVID ilo\u015b\u0107 miejsc na spacerze oraz spotkaniu jest ograniczona.&nbsp;Zapisy prowadzi rzecznik prasowy: Ma\u0142gorzata Kami\u0144ska, telefon: 32\/ 389 31 09 w.116; email:&nbsp;m.kaminska@becek.pl. Projekt wsp\u00f3\u0142finansowany ze \u015brodk\u00f3w Gminy Bytom w ramach projektu &#8222;HER I HIS-STORY. Cykl spotka\u0144 historyczno-kulturalnych&#8221;. Organizator spotkania: Stowarzyszenie Liga Kobiet Nieoboj\u0119tnych, wsp\u00f3\u0142organizator: Bytomskie Centrum Kultury. Powoli zaczynamy wraca\u0107 do normalno\u015bci, pora wi\u0119c poinformowa\u0107, kto w tym roku odbierze zaszczytne tytu\u0142y&nbsp;Bytomianki i<a href=\"https:\/\/musil.home.pl\/kobiety-bytom\/archiwum-2020\/\">\u0427\u0438\u0442\u0430\u0442\u044c \u0434\u0430\u043b\u044c\u0448\u0435&#8230;<\/a><\/p>\n","protected":false},"author":1,"featured_media":0,"parent":0,"menu_order":0,"comment_status":"closed","ping_status":"closed","template":"","meta":{"ngg_post_thumbnail":0,"footnotes":""},"yoast_head":"<!-- This site is optimized with the Yoast SEO plugin v21.5 - https:\/\/yoast.com\/wordpress\/plugins\/seo\/ -->\n<title>Archiwum 2020 - Liga Kobiet Nieoboj\u0119tnych<\/title>\n<meta name=\"robots\" content=\"index, follow, max-snippet:-1, max-image-preview:large, max-video-preview:-1\" \/>\n<link rel=\"canonical\" href=\"https:\/\/musil.home.pl\/kobiety-bytom\/archiwum-2020\/\" \/>\n<meta property=\"og:locale\" content=\"pl_PL\" \/>\n<meta property=\"og:type\" content=\"article\" \/>\n<meta property=\"og:title\" content=\"Archiwum 2020 - Liga Kobiet Nieoboj\u0119tnych\" \/>\n<meta property=\"og:description\" content=\"Protok\u00f3\u0142 z posiedzenia obrad JURY VIII Og\u00f3lnopolskiego Konkursu&nbsp;&nbsp;Pie\u015bni Patriotycznej pod patronatem Ministra Edukacji Narodowej i Prezydenta Miasta Bytomia \u2013 II etap sporz\u0105dzony w dniu:06.11.2020r. w M\u0142odzie\u017cowym Domu Kultury nr 2 w Bytomiu Na konkurs wp\u0142yn\u0119\u0142o&nbsp;&nbsp;286 zg\u0142osze\u0144 z 15 wojew\u00f3dztw. Do oceny powo\u0142ano komisj\u0119 w sk\u0142adzie: &#8211;&nbsp;Aleksandra Stok\u0142osa &#8211; przewodnicz\u0105ca komisji: doktor sztuk muzycznych w dyscyplinie artystycznej wokalistyka na Akademii Muzycznej im. K.&nbsp;Szymanowskiego w Katowicach, &#8211; solistka&nbsp;Opery \u015al\u0105skiej w Bytomiu, -studia uko\u0144czy\u0142a z wyr\u00f3\u017cnieniem w 1997r, w klasie prof. Michaliny Growiec, koncertowa\u0142a na estradach w kraju, bior\u0105c udzia\u0142 m.in. w wykonaniu oper: &#8222;Wesele Figara&#8221; W. A. Mozarta, &#8222;Nap\u00f3j Mi\u0142osny&#8221;&nbsp;G.&nbsp;Donizzettiego,&nbsp;&#8222;Domek Trzech Dziewcz\u0105t&#8221; F. Schuberta, a tak\u017ce w &#8222;Pastora\u0142ce&#8221; L. Schillera i &#8222;Mszy Kreolskiej&#8221; A. Ramireza. W latach 1994-1997 doskonali\u0142a swoj\u0105 technik\u0119 wokaln\u0105 na kursach mistrzowskich we W\u0142oszech pod kierunkiem&nbsp;Katii&nbsp;Ricciarelli. Wsp\u00f3\u0142pracowa\u0142a z Teatrem Muzycznym w Gliwicach gdzie wyst\u0119powa\u0142a w g\u0142\u00f3wnych partiach. Wyst\u0119powa\u0142a w Operze \u015al\u0105skiej wraz z Wies\u0142awem Ochmanem, co zaowocowa\u0142o dalszymi wsp\u00f3lnymi wyst\u0119pami m.in. w Teatrze Polskim w Warszawie, w Teatrze Stanis\u0142awowskim, na scenie Opery Narodowej w Koncercie Galowym Laureat\u00f3w BCC, na koncercie Fundacji &#8222;Auxilium&#8221; i &#8222;Nasza Cz\u0119stochowa&#8221;, a tak\u017ce na wielu koncertach okoliczno\u015bciowych i charytatywnych. Za\u015bpiewa\u0142a seri\u0119 koncert\u00f3w m.in. w Filharmonii Szczeci\u0144skiej, w Filharmonii \u015al\u0105skiej, w Filharmonii Bia\u0142ostockiej, Olszty\u0144skiej, Koszali\u0144skiej, Opolskiej, Zielonog\u00f3rskiej. Wsp\u00f3\u0142pracuje tak\u017ce z Oper\u0105 Ba\u0142tyck\u0105, z Mazowieckim Teatrem Muzycznym Operetka gdzie wyst\u0119powa\u0142a w koncertach po\u015bwi\u0119conych pami\u0119ci Jana Kiepury oraz w &#8222;Zem\u015bcie Nietoperza&#8221;. Artystka wyst\u0119powa\u0142a mi\u0119dzy innymi w Belgii, S\u0142owacji, na W\u0119grzech, we W\u0142oszech, w Niemczech, w Stanach Zjednoczonych, Kanadzie, Wielkiej Brytanii. &#8211; Artystka uczestniczy\u0142a wielokrotnie w Kursach Interpretacji Muzyki Oratoryjno-Kantatowej w ramach Festiwalu &#8222;Wratislavia&nbsp;&#8211;&nbsp;Cantans&#8221;. &#8211; mgr Joanna Prus \u2013 Kaczkowska: &#8211; dyrektor M\u0142odzie\u017cowego Domu Kultury nr 2 w Bytomiu, &#8211; absolwentka Akademii Muzycznej w Katowicach, &#8211; nauczyciel sekcji rytmiki i instrument\u00f3w klawiszowych, &#8211; wsp\u00f3\u0142tw\u00f3rczyni wielu aran\u017cy muzycznych. &nbsp;&#8211; mgr Anna Akram: &#8211;&nbsp;&nbsp;absolwentka Akademii Muzycznej we Wroc\u0142awiu, &#8211; prowadzi\u0142a zaj\u0119cia z emisji g\u0142osu z zespo\u0142em Pie\u015bni i Ta\u0144ca Wroc\u0142aw, &#8211; przez 3 lata by\u0142a zwi\u0105zana z ch\u00f3rem Opery we Wroc\u0142awiu, &#8211; przez 6 lat by\u0142a te\u017c wokalistk\u0105 ch\u00f3ru kameralnego Synagogi pod Bia\u0142ym Bocianem. &#8211; od 13 lat szkoli wokalist\u00f3w, ci\u0105gle poznaj\u0105c i wdra\u017caj\u0105c nowatorskie metody pracy. Komisja ocenia\u0142a utwory zgodnie z kryteriami podanymi w regulaminie. Oceny dokonano w czterech kategoriach wiekowych: I&nbsp;&nbsp;kategoria: 7- 9 lat II kategoria: 10 -13 lat III kategoria: 14- 16 lat IV kategoria: 17 \u2013 20 lat WYNIKI: Lista&nbsp;&nbsp;finalist\u00f3w: I kategoria: I Lena Figler&nbsp;&nbsp;&#8211; K\u0142omnice I Natalia Kulka \u2013 Piekary \u015al\u0105skie II \u2013 Milena B\u0105k \u2013 K\u0142omnice III \u2013 Julia Jurkiewicz \u2013 Zawiercie Wyr\u00f3\u017cnienia: Lilianna Kowalczyk &#8211; Katowice Michalina Lukosz &#8211; Bytom Maksymilian Piwko &#8211; Gliwice Anna Soboniak &#8211; Mykan\u00f3w Pola Kowalczyk \u2013 K\u0119dzierzyn &#8211; Ko\u017ale Zuzanna \u017burek &#8211; Jaworzno Weronika Wieczorek &#8211; Mory\u0144 Artur Rastawicki \u2013 Katowice II kategoria: I miejsce &#8211; Hania W\u0142odarczyk &#8211; Wielu\u0144 II miejsce \u2013 Lena Sikora &#8211; Szczecin III miejsce \u2013 Aleksandra Juchniewicz &#8211; Szczecin III miejsce \u2013 Laura Rumpel &#8211; Knur\u00f3w wyr\u00f3\u017cnienia: Dominik Komander \u2013 K\u0119dzierzyn &#8211; Ko\u017ale Magdalena Komarek &#8211; Mszana Rosiak Julia &#8211; Bytom Zuzanna Gajor \u2013 Lublin Kamil Kosowski &#8211; Tuchola Nikola Struk \u2013 Dobre Miasto Oliwia Soko\u0142a \u2013 Piekary \u015al\u0105skie Lilianna Czarnecka \u2013 Ostrowiec \u015awi\u0119tokrzyski Sara Niemczyk &#8211; Zag\u00f3rz Gabriela Katzer &#8211; BRAK Klaudia Kutyba &#8211; \u015awidnica III kategoria: I miejsce \u2013 Nadia Tomczak &#8211; Stryk\u00f3w II miejsce \u2013 Aleksandra Parszywka &#8211; My\u015blenice III \u2013 Paulina Szczygielska &#8211; Tychy III \u2013 Daniel Nowak &#8211; Bytom wyr\u00f3\u017cnienia: Anna Wolska \u2013 Ci\u0105gowice Aleksandra Jedy\u0144ska \u2013 Katowice Wiktoria Siudyka \u2013&nbsp;&nbsp;D\u0105browa G\u00f3rnicza Nikola Wojciechowska \u2013 Lublin Julia Soko\u0142 \u2013 Knur\u00f3w Ewelina Kupska \u2013 Bia\u0142a Amelia Zwiech \u2013 Bia\u0142a&nbsp; Emilia Bienas \u2013 Bytom Sara Majchrzak \u2013 Leszno Emily Ezekwe \u2013 Kostrzyn Pola Szcze\u015bniewska \u2013 Wierzchowisko Naralia Froch \u2013 Poczesna IV kategoria: I miejsce \u2013 Natalia Siekierka \u2013 Katowice II miejsce \u2013 Nina Kumorek \u2013 \u017bywiec III miejsce \u2013 Wiktoria Konieczniak &#8211; Myszk\u00f3w III miejsce \u2013 Monika Wieczorek &#8211; Tychy wyr\u00f3\u017cnienie: Patrycja Tomczyk \u2013 Boles\u0142aw Grand Prix: Emilia Szcze\u015bniak \u2013 \u0141uk\u00f3w (kat. II) Na tym protok\u00f3\u0142 zako\u0144czono. Uwaga! Stowarzyszenie Liga Kobiet Nieoboj\u0119tnych, kieruj\u0105c si\u0119 dobrem i bezpiecze\u0144stwem laureat\u00f3w plebiscytu i zaproszonych go\u015bci, informuje, \u017ce&nbsp;Gala Bytomianki i Bytomianina Roku 2019, kt\u00f3ra mia\u0142a si\u0119 odby\u0107 24 pa\u017adziernika 2020 r., zostaje&nbsp;odwo\u0142ana.Aby godnie uhonorowa\u0107 osoby, kt\u00f3re otrzyma\u0142y tytu\u0142 Bytomianki i Bytomianina Roku, wydarzenie to&nbsp;&nbsp;zawsze mia\u0142o podnios\u0142y charakter. Niestety obecna sytuacja epidemiologiczna nie pozwala na zorganizowanie Gali na dotychczasowych zasadach. Uroczysto\u015b\u0107 odb\u0119dzie si\u0119 w dogodnym dla nas wszystkich czasie, o czym zostan\u0105 Pa\u0144stwo poinformowani. Prace nagrodzone w konkursie &#8222;Bytom w 100 s\u0142owach&#8221; I miejsce Katarzyna Kalus \u201eNoc kryszta\u0142owa 9\/10 XI 1938\u201d &#8211; Mamo!? Mamo!? &#8211; Ryfka, szybko! Chod\u017a, kochanie, nie b\u00f3j si\u0119. &#8211; Dlaczego oni to robi\u0105, mamo? Co z nami b\u0119dzie? Dziewi\u0119cioletnia, wychudzona dziewczynka, skulona, trz\u0119sie si\u0119 w ramionach matki. \u201eCo w\u0142a\u015bciwie si\u0119 dzieje?\u201d my\u015bli, \u201eTatu\u015b z innymi m\u0119\u017cczyznami pr\u00f3buje gasi\u0107 nasz\u0105 synagog\u0119, pal\u0105 si\u0119 sklepy, w uszach brz\u0119czy od huku szk\u0142a\u2026\u201d. Przez male\u0144k\u0105 szpar\u0119 w zas\u0142onie, Ryfka widzi pana Barucha, w\u0142a\u015bciciela piekarni, kl\u0119cz\u0105cego, zas\u0142aniaj\u0105cego twarz d\u0142o\u0144mi. Witryny piekarni nie ma, zosta\u0142a rozbita na miliony kryszta\u0142owych kawa\u0142k\u00f3w, ca\u0142a Gleiwitz Strasse b\u0142yszczy od szk\u0142a. Na drzwiach Niemcy czerwon\u0105 farb\u0105 namalowali gwiazd\u0119 Dawida. Dziewczynka, wychylaj\u0105c si\u0119 nieco spod ramienia matki, widzi w oddali ci\u0119\u017car\u00f3wk\u0119, do kt\u00f3rej Niemcy zaganiaj\u0105 m\u0119\u017cczyzn, strach o \u017cycie taty parali\u017cuje i Ryfk\u0119 i jaj mam\u0119. II miejsce Kamil Ksi\u0105\u017cek &#8211; \u201eNied\u017awiedzie wynios\u0142y si\u0119 dawno\u201d Porzuci\u0142am marzenia o \u015bnie. Poranne s\u0142o\u0144ce strzepa\u0142o z twarzy niewygodny py\u0142 w\u0119glowy; bez niego noce zimne, zw\u0142aszcza teraz, w listopadzie. Gdy niech\u0119tnie swoje cielsko do pionu ustawia miasto, gdy przez klepsydr\u0119 gula piachu ci\u015bnie czas, tn\u0119, jak nieprzytomna, przez park Franciszka, sk\u0105d nied\u017awiedzie wynios\u0142y si\u0119 dawno. Zimno, zgodz\u0105 si\u0119 Panie Kaczki, \u017ce zimno tak bie\u017cy\u0107 z rana, ale czy to w jednym Bytomiu poranki tak wbijaj\u0105 \u015bwiat\u0142a drzazgi? S\u0142ysz\u0119 brz\u0119k butelek dzwoni\u0105cych w reklam\u00f3wkach, szuraj\u0105 po chodniku s\u0142omiane miot\u0142y dozorc\u00f3w, t\u0142ucze si\u0119 krzywym torem dwug\u0142owa banka. Kto\u015b rzuca przekle\u0144stwem, inny kto\u015b zakl\u0119ciem. Jestem tu, pulsuj\u0119 pod sk\u00f3r\u0105 miasta. Wci\u0105gam pierwszy \u0142yk kawy, zaskoczona jak zwykle, \u017ce nikt nie ogoli\u0142 w nocy \u015bpi\u0105cego lwa. III&nbsp;miejsce Micha\u0142 Witas \u201eCo by by\u0142o, gdyby\u2026..\u201d Micha\u0142 zerwa\u0142 kartk\u0119 z kalendarza. By\u0142 szesnasty sierpnia 1942 roku. Na ten dzie\u0144 i na ten mecz czeka\u0142 od dawna. Cieszy\u0142 si\u0119, \u017ce Polska zagra z Niemcami w\u0142a\u015bnie w jego mie\u015bcie \u2013 w Bytomiu, zwanym przez Niemc\u00f3w Beuthen. Cieszy\u0142 si\u0119, \u017ce mecz si\u0119 w og\u00f3le odb\u0119dzie, Nie wa\u017cne, jaki b\u0119dzie wynik, ile bramek strzeli wspania\u0142y Ernest Wilimowski, i \u017ce na trybunach b\u0119d\u0105 kanclerz Adenauer i prezydent Rydz-\u015amig\u0142y. Spojrza\u0142 jeszcze raz w kalendarz. Dobrze pami\u0119ta\u0142 tamten straszny sierpie\u0144 sprzed trzech lat. Naprawd\u0119 si\u0119 wtedy ba\u0142. Wojna wisia\u0142a w powietrzu. Kto wie, co by by\u0142o, gdyby nie nag\u0142a \u015bmier\u0107 Adolfa Hitlera i w konsekwencji upadek jego krwawego re\u017cimu\u2026 Ale to nie by\u0142 czas na wspomnienia, ani na gdybanie\u2026 &#8211; Do boju Polsko! Wyr\u00f3\u017cnienie honorowe Pawe\u0142 Tymirski &#8211; Limeryki Mi\u0142o\u015b\u0107 8-bitowa Informatyk z miasta Bytom wyzna\u0142 mi\u0142o\u015b\u0107 o\u015bmiu bitom. Takowe zboczenie wprawia w os\u0142upienie, nie u\u015bmiecha si\u0119 elitom. Chuda judoczka Raz judoczka z miasta Bytom, dzi\u0119ki dobrze zgranym chwytom, wygra\u0142a, cho\u0107 chuda, mo\u017ce jej si\u0119 uda wspi\u0105\u0107 si\u0119 w sporcie hen, ku szczytom. Rycerz bez zbroi Do osady pod Bytomiem przyby\u0142 rycerz ze swym koniem. Zapomnia\u0142 zbroi, cho\u0107 nie przystoi, okrzykni\u0119to go gamoniem. Kamieniarz Raz kamieniarz w mie\u015bcie Bytom wi\u00f3z\u0142 granitu ska\u0142\u0119 lit\u0105 do warsztatu. Nagle, a tu \u2013 wjecha\u0142 w dziur\u0119 w jezdni skryt\u0105. Szanowni Autorzy prac nades\u0142anych na konkurs \u201eBytom w 100 s\u0142owach\u201d &nbsp;Dzi\u0119kujemy, \u017ce zechcieli Pa\u0144stwo podzieli\u0107 si\u0119 z nami swoimi refleksjami i wzi\u0105\u0107 udzia\u0142 w Konkursie. &nbsp;\u0141\u0105czy nas Bytom. Bytom-miasto wyj\u0105tkowe. Wczoraj, 8.10.2020 r. w Auli Pa\u0144stwowych Szk\u00f3\u0142 Budownictwa w Bytomiu odby\u0142a si\u0119 uroczysto\u015b\u0107 rozstrzygni\u0119cia konkursu i wr\u0119czenia nagr\u00f3d w konkursie &#8222;Bytom w 100 s\u0142owach&#8221;. Na konkurs nades\u0142ano 170 prac. Oto protok\u00f3\u0142 Komisji: W dniu 21 wrze\u015bnia 2020 r. komisja konkursowa w sk\u0142adzie: dr hab. Leszek Engelking, Karina Maczuga i Sylwia Tubis wy\u0142oni\u0142a laureat\u00f3w konkursu literackiego &#8222;Bytom w 100 s\u0142owach&#8221;. I miejsce&nbsp;zdoby\u0142a praca pt.&nbsp;&#8222;Noc kryszta\u0142owa 9\/10 XI 1938&#8221;. Autor:&nbsp;Katarzyna Kalus II miejsce&nbsp;&#8211; praca pt. &#8222;Nied\u017awiedzie wynios\u0142y si\u0119 dawno&#8221;.&nbsp;Autor:&nbsp;Kamil Ksi\u0105\u017cek III miejsce&nbsp;&#8211; praca pt.&nbsp;&#8222;Co by by\u0142o gdyby&#8230;&#8221;. Autor:&nbsp;Micha\u0142 Witas Uwag\u0119 Komisji przyku\u0142y r\u00f3wnie\u017c&nbsp;limeryki Paw\u0142a Tymirskiego, kt\u00f3ry otrzyma\u0142&nbsp;wyr\u00f3\u017cnienie honorowe. Zwyci\u0119\u017ccom serdecznie gratulujemy, a wszystkim uczestnikom dzi\u0119kujemy z udzia\u0142 w konkursie. Uroczysto\u015b\u0107 u\u015bwietni\u0142 wyst\u0119p uczni\u00f3w bytomskiej Szko\u0142y Muzycznej: Wiktoria Zawodny w utworze&nbsp;Kaprys polski Gra\u017cyny Bacewicz&nbsp;oraz duet: Aurora Dynowska &#8211; wiolonczela i Jakub Zawodny &#8211; gitara w&nbsp;&nbsp;I cz\u0119\u015bci Sonaty na gitar\u0119 i wiolonczel\u0119 Radamesa Gnattali. Na zako\u0144czenie wyst\u0105pi\u0142 kwartet smyczkowy w sk\u0142adzie: Karolina Karlowska, Magdalena Ogryzek &#8211; skrzypce, Amelia Nowok &#8211; alt\u00f3wka, Natalia Brzezicka &#8211; wiolonczela, wykonuj\u0105c&nbsp;III i IV cz\u0119\u015b\u0107 kwartetu G-dur W. A. Mozarta. Dzi\u0119kujemy go\u015bciom, kt\u00f3rzy zaszczycili uroczysto\u015b\u0107 swoj\u0105 obecno\u015bci\u0105. W tym miejscu chcemy te\u017c podzi\u0119kowa\u0107 tym, bez wsparcia kt\u00f3rych nie uda\u0142oby si\u0119 konkursu zorganizowa\u0107. Dzi\u0119kujemy wi\u0119c\u00a0Urz\u0119dowi Miasta\u00a0za wsparcie finansowe, bytomskim firmom &#8211; Centrum Handlowemu\u00a0AGORA, Centrum Handlowemu\u00a0PLEJADA, dyrekcji\u00a0Pa\u0144stwowych Szk\u00f3\u0142 Budownictwa, dyrekcji\u00a0Bytomskiego Uniwersytetu Trzeciego Wieku, dyrekcji\u00a0Og\u00f3lnokszta\u0142c\u0105cej Szko\u0142y Muzycznej\u00a0I i II stopnia im. F. Chopina oraz naszym\u00a0przyjacio\u0142om i rodzinom. Szanowni Pa\u0144stwo, jest nam niezmiernie mi\u0142o poinfromowa\u0107, \u017ce pomimo &#8211; a mo\u017ce w\u0142a\u015bnie z powodu &#8211; trudnej rzeczywisto\u015bci na nasz konkurs wp\u0142yn\u0119\u0142o ponad 170 prac. Jury jeszcze ci\u0119\u017cko pracuje, bo wyb\u00f3r 3 najlepszych nie jest prosty, ale ju\u017c 8 pa\u017adziernika br. poznamy zwyci\u0119zc\u00f3w. Wszystkim Autorom serdecznie dzi\u0119kujemy i zapraszamy na fina\u0142. Stowarzyszenie Liga Kobiet Nieoboj\u0119tnych oraz Bytomskie Centrum Kultury zapraszaj\u0105 na spaceri spotkanie po\u015bwi\u0119cone bytomskiej piosenkarce Karin Stanek, kt\u00f3re odb\u0119dzie si\u0119 w niedziel\u011927 wrze\u015bnia 2020. Godz. 14:00 \u2013 spacer po Bytomiu \u015bladami Karin Stanek&nbsp;(miejsce wyj\u015bcia spaceru:budynek Wydzia\u0142u Teatru Ta\u0144ca Akademii Sztuk Teatralnych, ul. Pi\u0142sudskiego 24A, Bytom). Godz. 15:15 &#8211; spotkanie muzyczne&nbsp;\u2013 pos\u0142uchamy nieznanych dot\u0105d szerszej publiczno\u015bci piosenek Karin Stanek, w\u015br\u00f3d nich b\u0119d\u0105 tak\u017ce utwory skomponowane przez artystk\u0119 (miejsce: Bytomskie Centrum Kultury, Plac Karin Stanek 1). Spotkanie z udzia\u0142em Bartosza Go\u017adzikowskiego i Stefana Papierowskiego. Projekt wsp\u00f3\u0142finansowany ze \u015brodk\u00f3w Gminy Bytom w ramach projektu &#8222;HER I HIS-STORY. Cykl spotka\u0144 historyczno-kulturalnych&#8221;.Organizator spotkania: Stowarzyszenie Liga Kobiet Nieoboj\u0119tnych, wsp\u00f3\u0142organizator: Bytomskie Centrum Kultury. VIII Og\u00f3lnopolski Konkurs Pie\u015bni Patriotycznej Zapraszamy do udzia\u0142u w VIII Og\u00f3lnopolskim Konkursie Pie\u015bni Patriotycznej pod patronatem Prezydenta Miasta Bytomia, kt\u00f3rego organizatorem s\u0105: Szko\u0142a Podstawowa nr 45 w Bytomiu, M\u0142odzie\u017cowy Dom Kultury nr 2 w Bytomiu i Liga Kobiet Nieoboj\u0119tnych. &nbsp;Przes\u0142uchania konkursowe odb\u0119d\u0105 si\u0119 w II etapach: &nbsp;I etap \u2013 eliminacje&nbsp;\u2013&nbsp; przes\u0142anie nagrania i dokument\u00f3w \u2013 od 01 pa\u017adziernika do 23 pa\u017adziernika 2020 r. &nbsp;II etap \u2013 przes\u0142uchania fina\u0142owe \u201ena \u017cywo\u201d i fina\u0142 z wr\u0119czeniem nagr\u00f3d&nbsp;\u2013 09 listopada&nbsp; 2020 roku w sali ToTu Bytomskiego Centrum Kultury pl. Karin Stanek 1, 41-902 Bytom. &nbsp;Patronat medialny nad konkursem obj\u0119\u0142o&nbsp;\u017bycie Bytomskie. &nbsp;Celem konkursu jest: &nbsp; &nbsp;1. Krzewienie patriotyzmu w\u015br\u00f3d dzieci i m\u0142odzie\u017cy. &nbsp; &nbsp;2. Pobudzenie dzieci i m\u0142odzie\u017cy do wykonywania polskich pie\u015bni patriotycznych. &nbsp; &nbsp;3. Popularyzacja \u015bpiewania w\u015br\u00f3d dzieci i m\u0142odzie\u017cy. &nbsp; &nbsp;4. Promowanie m\u0142odych talent\u00f3w. &nbsp; &nbsp;5. Samokszta\u0142cenie muzyczne, mo\u017cliwo\u015b\u0107 niezale\u017cnej prezentacji utwor\u00f3w o tematyce patriotycznej i&nbsp; narodowej. &nbsp; &nbsp;6. Popularyzacja warto\u015bciowych tre\u015bci muzycznych i literackich w pie\u015bniach. &nbsp;Szczeg\u00f3\u0142y udzia\u0142u w dokumentach poni\u017cej: &nbsp;Regulamin VIII Og\u00f3lnopolskiego Konkursu Pie\u015bni Patriotycznej &nbsp;Karta zg\u0142oszeniowa &nbsp;Zgoda &nbsp;Projekt zosta\u0142&nbsp; dofinansowany ze \u015brodk\u00f3w gminy Bytom Karin Stanek jedna z najwi\u0119kszych gwiazd muzycznych drugiej dekady XX wieku. Hity takie jak \u201eCh\u0142opiec z gitar\u0105\u201d, \u201eMalowana lala\u201d czy te\u017c \u201eJedziemy autostopem\u201d znaj\u0105 ca\u0142e pokolenia, jej piosenki na trwa\u0142e zapisa\u0142y si\u0119 w historii polskiej muzyki. 27 wrze\u015bnia 2020, o godzinie 14:00 wsp\u00f3lnie wybierzemy si\u0119 w podr\u00f3\u017c \u015bladami Karin Stanek po Bytomiu. Na niezwyk\u0142y spacer wyruszmy spod Wydzia\u0142u Teatru Ta\u0144ca (ul. Pi\u0142sudskiego 24A, Bytom). Co nale\u017cy z sob\u0105 zabra\u0107? Telefon typu smartfon + s\u0142uchawki, a w razie niepogody parasol. Spacer poprowadzi Bartosz Go\u017adzikowski, tw\u00f3rca audiobooka o Karin Stanek pt. \u201eW\u0119drowny Nieznajomy\u201d.Fina\u0142 spaceru odb\u0119dzie si\u0119 na Placu Karin Stanek, gdzie zrobimy sobie wsp\u00f3lne pami\u0105tkowe zdj\u0119cie oraz us\u0142yszymy o historii placu imienia tej wielkiej piosenkarki. Po spacerze zapraszamy na spotkanie muzyczne oraz s\u0142odki pocz\u0119stunek do budynku Bytomskiego Centrum Kultury \u2013 us\u0142yszymy nieznane dot\u0105d utwory skomponowane przez Karin Stanek. Spotkanie poprowadzi przyjaciel i propagator tw\u00f3rczo\u015bci &nbsp;Karin Stanek,&nbsp; Stefan Papierowski. Spacer oraz spotkanie potrwaj\u0105 ok. 2 godziny. &nbsp; ZAPISY: Ze wzgl\u0119du na COVID ilo\u015b\u0107 miejsc na spacerze oraz spotkaniu jest ograniczona.&nbsp;Zapisy prowadzi rzecznik prasowy: Ma\u0142gorzata Kami\u0144ska, telefon: 32\/ 389 31 09 w.116; email:&nbsp;m.kaminska@becek.pl. Projekt wsp\u00f3\u0142finansowany ze \u015brodk\u00f3w Gminy Bytom w ramach projektu &#8222;HER I HIS-STORY. Cykl spotka\u0144 historyczno-kulturalnych&#8221;. Organizator spotkania: Stowarzyszenie Liga Kobiet Nieoboj\u0119tnych, wsp\u00f3\u0142organizator: Bytomskie Centrum Kultury. Powoli zaczynamy wraca\u0107 do normalno\u015bci, pora wi\u0119c poinformowa\u0107, kto w tym roku odbierze zaszczytne tytu\u0142y&nbsp;Bytomianki i\u0427\u0438\u0442\u0430\u0442\u044c \u0434\u0430\u043b\u044c\u0448\u0435...\" \/>\n<meta property=\"og:url\" content=\"https:\/\/musil.home.pl\/kobiety-bytom\/archiwum-2020\/\" \/>\n<meta property=\"og:site_name\" content=\"Liga Kobiet Nieoboj\u0119tnych\" \/>\n<meta property=\"article:publisher\" content=\"https:\/\/www.facebook.com\/liga.kobietanieobojetnych\/?locale=pl_PL\" \/>\n<meta property=\"og:image\" content=\"https:\/\/musil.home.pl\/kobiety-bytom\/wp-content\/uploads\/2023\/10\/podzikowanie-str-1.png\" \/>\n<meta name=\"twitter:card\" content=\"summary_large_image\" \/>\n<meta name=\"twitter:label1\" content=\"Szacowany czas czytania\" \/>\n\t<meta name=\"twitter:data1\" content=\"17 minut\" \/>\n<script type=\"application\/ld+json\" class=\"yoast-schema-graph\">{\"@context\":\"https:\/\/schema.org\",\"@graph\":[{\"@type\":\"WebPage\",\"@id\":\"https:\/\/musil.home.pl\/kobiety-bytom\/archiwum-2020\/\",\"url\":\"https:\/\/musil.home.pl\/kobiety-bytom\/archiwum-2020\/\",\"name\":\"Archiwum 2020 - Liga Kobiet Nieoboj\u0119tnych\",\"isPartOf\":{\"@id\":\"https:\/\/musil.home.pl\/kobiety-bytom\/#website\"},\"datePublished\":\"2023-10-09T18:39:17+00:00\",\"dateModified\":\"2023-10-09T18:39:17+00:00\",\"breadcrumb\":{\"@id\":\"https:\/\/musil.home.pl\/kobiety-bytom\/archiwum-2020\/#breadcrumb\"},\"inLanguage\":\"pl-PL\",\"potentialAction\":[{\"@type\":\"ReadAction\",\"target\":[\"https:\/\/musil.home.pl\/kobiety-bytom\/archiwum-2020\/\"]}]},{\"@type\":\"BreadcrumbList\",\"@id\":\"https:\/\/musil.home.pl\/kobiety-bytom\/archiwum-2020\/#breadcrumb\",\"itemListElement\":[{\"@type\":\"ListItem\",\"position\":1,\"name\":\"Home\",\"item\":\"https:\/\/musil.home.pl\/kobiety-bytom\/\"},{\"@type\":\"ListItem\",\"position\":2,\"name\":\"Archiwum 2020\"}]},{\"@type\":\"WebSite\",\"@id\":\"https:\/\/musil.home.pl\/kobiety-bytom\/#website\",\"url\":\"https:\/\/musil.home.pl\/kobiety-bytom\/\",\"name\":\"Liga Kobiet Nieoboj\u0119tnych w Bytomu\",\"description\":\"Bytom\",\"publisher\":{\"@id\":\"https:\/\/musil.home.pl\/kobiety-bytom\/#organization\"},\"potentialAction\":[{\"@type\":\"SearchAction\",\"target\":{\"@type\":\"EntryPoint\",\"urlTemplate\":\"https:\/\/musil.home.pl\/kobiety-bytom\/?s={search_term_string}\"},\"query-input\":\"required name=search_term_string\"}],\"inLanguage\":\"pl-PL\"},{\"@type\":\"Organization\",\"@id\":\"https:\/\/musil.home.pl\/kobiety-bytom\/#organization\",\"name\":\"Liga Kobiet Nieoboj\u0119tnych w Bytomu\",\"url\":\"https:\/\/musil.home.pl\/kobiety-bytom\/\",\"logo\":{\"@type\":\"ImageObject\",\"inLanguage\":\"pl-PL\",\"@id\":\"https:\/\/musil.home.pl\/kobiety-bytom\/#\/schema\/logo\/image\/\",\"url\":\"https:\/\/musil.home.pl\/kobiety-bytom\/wp-content\/uploads\/2023\/10\/lkn-350.png\",\"contentUrl\":\"https:\/\/musil.home.pl\/kobiety-bytom\/wp-content\/uploads\/2023\/10\/lkn-350.png\",\"width\":350,\"height\":350,\"caption\":\"Liga Kobiet Nieoboj\u0119tnych w Bytomu\"},\"image\":{\"@id\":\"https:\/\/musil.home.pl\/kobiety-bytom\/#\/schema\/logo\/image\/\"},\"sameAs\":[\"https:\/\/www.facebook.com\/liga.kobietanieobojetnych\/?locale=pl_PL\"]}]}<\/script>\n<!-- \/ Yoast SEO plugin. -->","yoast_head_json":{"title":"Archiwum 2020 - Liga Kobiet Nieoboj\u0119tnych","robots":{"index":"index","follow":"follow","max-snippet":"max-snippet:-1","max-image-preview":"max-image-preview:large","max-video-preview":"max-video-preview:-1"},"canonical":"https:\/\/musil.home.pl\/kobiety-bytom\/archiwum-2020\/","og_locale":"pl_PL","og_type":"article","og_title":"Archiwum 2020 - Liga Kobiet Nieoboj\u0119tnych","og_description":"Protok\u00f3\u0142 z posiedzenia obrad JURY VIII Og\u00f3lnopolskiego Konkursu&nbsp;&nbsp;Pie\u015bni Patriotycznej pod patronatem Ministra Edukacji Narodowej i Prezydenta Miasta Bytomia \u2013 II etap sporz\u0105dzony w dniu:06.11.2020r. w M\u0142odzie\u017cowym Domu Kultury nr 2 w Bytomiu Na konkurs wp\u0142yn\u0119\u0142o&nbsp;&nbsp;286 zg\u0142osze\u0144 z 15 wojew\u00f3dztw. Do oceny powo\u0142ano komisj\u0119 w sk\u0142adzie: &#8211;&nbsp;Aleksandra Stok\u0142osa &#8211; przewodnicz\u0105ca komisji: doktor sztuk muzycznych w dyscyplinie artystycznej wokalistyka na Akademii Muzycznej im. K.&nbsp;Szymanowskiego w Katowicach, &#8211; solistka&nbsp;Opery \u015al\u0105skiej w Bytomiu, -studia uko\u0144czy\u0142a z wyr\u00f3\u017cnieniem w 1997r, w klasie prof. Michaliny Growiec, koncertowa\u0142a na estradach w kraju, bior\u0105c udzia\u0142 m.in. w wykonaniu oper: &#8222;Wesele Figara&#8221; W. A. Mozarta, &#8222;Nap\u00f3j Mi\u0142osny&#8221;&nbsp;G.&nbsp;Donizzettiego,&nbsp;&#8222;Domek Trzech Dziewcz\u0105t&#8221; F. Schuberta, a tak\u017ce w &#8222;Pastora\u0142ce&#8221; L. Schillera i &#8222;Mszy Kreolskiej&#8221; A. Ramireza. W latach 1994-1997 doskonali\u0142a swoj\u0105 technik\u0119 wokaln\u0105 na kursach mistrzowskich we W\u0142oszech pod kierunkiem&nbsp;Katii&nbsp;Ricciarelli. Wsp\u00f3\u0142pracowa\u0142a z Teatrem Muzycznym w Gliwicach gdzie wyst\u0119powa\u0142a w g\u0142\u00f3wnych partiach. Wyst\u0119powa\u0142a w Operze \u015al\u0105skiej wraz z Wies\u0142awem Ochmanem, co zaowocowa\u0142o dalszymi wsp\u00f3lnymi wyst\u0119pami m.in. w Teatrze Polskim w Warszawie, w Teatrze Stanis\u0142awowskim, na scenie Opery Narodowej w Koncercie Galowym Laureat\u00f3w BCC, na koncercie Fundacji &#8222;Auxilium&#8221; i &#8222;Nasza Cz\u0119stochowa&#8221;, a tak\u017ce na wielu koncertach okoliczno\u015bciowych i charytatywnych. Za\u015bpiewa\u0142a seri\u0119 koncert\u00f3w m.in. w Filharmonii Szczeci\u0144skiej, w Filharmonii \u015al\u0105skiej, w Filharmonii Bia\u0142ostockiej, Olszty\u0144skiej, Koszali\u0144skiej, Opolskiej, Zielonog\u00f3rskiej. Wsp\u00f3\u0142pracuje tak\u017ce z Oper\u0105 Ba\u0142tyck\u0105, z Mazowieckim Teatrem Muzycznym Operetka gdzie wyst\u0119powa\u0142a w koncertach po\u015bwi\u0119conych pami\u0119ci Jana Kiepury oraz w &#8222;Zem\u015bcie Nietoperza&#8221;. Artystka wyst\u0119powa\u0142a mi\u0119dzy innymi w Belgii, S\u0142owacji, na W\u0119grzech, we W\u0142oszech, w Niemczech, w Stanach Zjednoczonych, Kanadzie, Wielkiej Brytanii. &#8211; Artystka uczestniczy\u0142a wielokrotnie w Kursach Interpretacji Muzyki Oratoryjno-Kantatowej w ramach Festiwalu &#8222;Wratislavia&nbsp;&#8211;&nbsp;Cantans&#8221;. &#8211; mgr Joanna Prus \u2013 Kaczkowska: &#8211; dyrektor M\u0142odzie\u017cowego Domu Kultury nr 2 w Bytomiu, &#8211; absolwentka Akademii Muzycznej w Katowicach, &#8211; nauczyciel sekcji rytmiki i instrument\u00f3w klawiszowych, &#8211; wsp\u00f3\u0142tw\u00f3rczyni wielu aran\u017cy muzycznych. &nbsp;&#8211; mgr Anna Akram: &#8211;&nbsp;&nbsp;absolwentka Akademii Muzycznej we Wroc\u0142awiu, &#8211; prowadzi\u0142a zaj\u0119cia z emisji g\u0142osu z zespo\u0142em Pie\u015bni i Ta\u0144ca Wroc\u0142aw, &#8211; przez 3 lata by\u0142a zwi\u0105zana z ch\u00f3rem Opery we Wroc\u0142awiu, &#8211; przez 6 lat by\u0142a te\u017c wokalistk\u0105 ch\u00f3ru kameralnego Synagogi pod Bia\u0142ym Bocianem. &#8211; od 13 lat szkoli wokalist\u00f3w, ci\u0105gle poznaj\u0105c i wdra\u017caj\u0105c nowatorskie metody pracy. Komisja ocenia\u0142a utwory zgodnie z kryteriami podanymi w regulaminie. Oceny dokonano w czterech kategoriach wiekowych: I&nbsp;&nbsp;kategoria: 7- 9 lat II kategoria: 10 -13 lat III kategoria: 14- 16 lat IV kategoria: 17 \u2013 20 lat WYNIKI: Lista&nbsp;&nbsp;finalist\u00f3w: I kategoria: I Lena Figler&nbsp;&nbsp;&#8211; K\u0142omnice I Natalia Kulka \u2013 Piekary \u015al\u0105skie II \u2013 Milena B\u0105k \u2013 K\u0142omnice III \u2013 Julia Jurkiewicz \u2013 Zawiercie Wyr\u00f3\u017cnienia: Lilianna Kowalczyk &#8211; Katowice Michalina Lukosz &#8211; Bytom Maksymilian Piwko &#8211; Gliwice Anna Soboniak &#8211; Mykan\u00f3w Pola Kowalczyk \u2013 K\u0119dzierzyn &#8211; Ko\u017ale Zuzanna \u017burek &#8211; Jaworzno Weronika Wieczorek &#8211; Mory\u0144 Artur Rastawicki \u2013 Katowice II kategoria: I miejsce &#8211; Hania W\u0142odarczyk &#8211; Wielu\u0144 II miejsce \u2013 Lena Sikora &#8211; Szczecin III miejsce \u2013 Aleksandra Juchniewicz &#8211; Szczecin III miejsce \u2013 Laura Rumpel &#8211; Knur\u00f3w wyr\u00f3\u017cnienia: Dominik Komander \u2013 K\u0119dzierzyn &#8211; Ko\u017ale Magdalena Komarek &#8211; Mszana Rosiak Julia &#8211; Bytom Zuzanna Gajor \u2013 Lublin Kamil Kosowski &#8211; Tuchola Nikola Struk \u2013 Dobre Miasto Oliwia Soko\u0142a \u2013 Piekary \u015al\u0105skie Lilianna Czarnecka \u2013 Ostrowiec \u015awi\u0119tokrzyski Sara Niemczyk &#8211; Zag\u00f3rz Gabriela Katzer &#8211; BRAK Klaudia Kutyba &#8211; \u015awidnica III kategoria: I miejsce \u2013 Nadia Tomczak &#8211; Stryk\u00f3w II miejsce \u2013 Aleksandra Parszywka &#8211; My\u015blenice III \u2013 Paulina Szczygielska &#8211; Tychy III \u2013 Daniel Nowak &#8211; Bytom wyr\u00f3\u017cnienia: Anna Wolska \u2013 Ci\u0105gowice Aleksandra Jedy\u0144ska \u2013 Katowice Wiktoria Siudyka \u2013&nbsp;&nbsp;D\u0105browa G\u00f3rnicza Nikola Wojciechowska \u2013 Lublin Julia Soko\u0142 \u2013 Knur\u00f3w Ewelina Kupska \u2013 Bia\u0142a Amelia Zwiech \u2013 Bia\u0142a&nbsp; Emilia Bienas \u2013 Bytom Sara Majchrzak \u2013 Leszno Emily Ezekwe \u2013 Kostrzyn Pola Szcze\u015bniewska \u2013 Wierzchowisko Naralia Froch \u2013 Poczesna IV kategoria: I miejsce \u2013 Natalia Siekierka \u2013 Katowice II miejsce \u2013 Nina Kumorek \u2013 \u017bywiec III miejsce \u2013 Wiktoria Konieczniak &#8211; Myszk\u00f3w III miejsce \u2013 Monika Wieczorek &#8211; Tychy wyr\u00f3\u017cnienie: Patrycja Tomczyk \u2013 Boles\u0142aw Grand Prix: Emilia Szcze\u015bniak \u2013 \u0141uk\u00f3w (kat. II) Na tym protok\u00f3\u0142 zako\u0144czono. Uwaga! Stowarzyszenie Liga Kobiet Nieoboj\u0119tnych, kieruj\u0105c si\u0119 dobrem i bezpiecze\u0144stwem laureat\u00f3w plebiscytu i zaproszonych go\u015bci, informuje, \u017ce&nbsp;Gala Bytomianki i Bytomianina Roku 2019, kt\u00f3ra mia\u0142a si\u0119 odby\u0107 24 pa\u017adziernika 2020 r., zostaje&nbsp;odwo\u0142ana.Aby godnie uhonorowa\u0107 osoby, kt\u00f3re otrzyma\u0142y tytu\u0142 Bytomianki i Bytomianina Roku, wydarzenie to&nbsp;&nbsp;zawsze mia\u0142o podnios\u0142y charakter. Niestety obecna sytuacja epidemiologiczna nie pozwala na zorganizowanie Gali na dotychczasowych zasadach. Uroczysto\u015b\u0107 odb\u0119dzie si\u0119 w dogodnym dla nas wszystkich czasie, o czym zostan\u0105 Pa\u0144stwo poinformowani. Prace nagrodzone w konkursie &#8222;Bytom w 100 s\u0142owach&#8221; I miejsce Katarzyna Kalus \u201eNoc kryszta\u0142owa 9\/10 XI 1938\u201d &#8211; Mamo!? Mamo!? &#8211; Ryfka, szybko! Chod\u017a, kochanie, nie b\u00f3j si\u0119. &#8211; Dlaczego oni to robi\u0105, mamo? Co z nami b\u0119dzie? Dziewi\u0119cioletnia, wychudzona dziewczynka, skulona, trz\u0119sie si\u0119 w ramionach matki. \u201eCo w\u0142a\u015bciwie si\u0119 dzieje?\u201d my\u015bli, \u201eTatu\u015b z innymi m\u0119\u017cczyznami pr\u00f3buje gasi\u0107 nasz\u0105 synagog\u0119, pal\u0105 si\u0119 sklepy, w uszach brz\u0119czy od huku szk\u0142a\u2026\u201d. Przez male\u0144k\u0105 szpar\u0119 w zas\u0142onie, Ryfka widzi pana Barucha, w\u0142a\u015bciciela piekarni, kl\u0119cz\u0105cego, zas\u0142aniaj\u0105cego twarz d\u0142o\u0144mi. Witryny piekarni nie ma, zosta\u0142a rozbita na miliony kryszta\u0142owych kawa\u0142k\u00f3w, ca\u0142a Gleiwitz Strasse b\u0142yszczy od szk\u0142a. Na drzwiach Niemcy czerwon\u0105 farb\u0105 namalowali gwiazd\u0119 Dawida. Dziewczynka, wychylaj\u0105c si\u0119 nieco spod ramienia matki, widzi w oddali ci\u0119\u017car\u00f3wk\u0119, do kt\u00f3rej Niemcy zaganiaj\u0105 m\u0119\u017cczyzn, strach o \u017cycie taty parali\u017cuje i Ryfk\u0119 i jaj mam\u0119. II miejsce Kamil Ksi\u0105\u017cek &#8211; \u201eNied\u017awiedzie wynios\u0142y si\u0119 dawno\u201d Porzuci\u0142am marzenia o \u015bnie. Poranne s\u0142o\u0144ce strzepa\u0142o z twarzy niewygodny py\u0142 w\u0119glowy; bez niego noce zimne, zw\u0142aszcza teraz, w listopadzie. Gdy niech\u0119tnie swoje cielsko do pionu ustawia miasto, gdy przez klepsydr\u0119 gula piachu ci\u015bnie czas, tn\u0119, jak nieprzytomna, przez park Franciszka, sk\u0105d nied\u017awiedzie wynios\u0142y si\u0119 dawno. Zimno, zgodz\u0105 si\u0119 Panie Kaczki, \u017ce zimno tak bie\u017cy\u0107 z rana, ale czy to w jednym Bytomiu poranki tak wbijaj\u0105 \u015bwiat\u0142a drzazgi? S\u0142ysz\u0119 brz\u0119k butelek dzwoni\u0105cych w reklam\u00f3wkach, szuraj\u0105 po chodniku s\u0142omiane miot\u0142y dozorc\u00f3w, t\u0142ucze si\u0119 krzywym torem dwug\u0142owa banka. Kto\u015b rzuca przekle\u0144stwem, inny kto\u015b zakl\u0119ciem. Jestem tu, pulsuj\u0119 pod sk\u00f3r\u0105 miasta. Wci\u0105gam pierwszy \u0142yk kawy, zaskoczona jak zwykle, \u017ce nikt nie ogoli\u0142 w nocy \u015bpi\u0105cego lwa. III&nbsp;miejsce Micha\u0142 Witas \u201eCo by by\u0142o, gdyby\u2026..\u201d Micha\u0142 zerwa\u0142 kartk\u0119 z kalendarza. By\u0142 szesnasty sierpnia 1942 roku. Na ten dzie\u0144 i na ten mecz czeka\u0142 od dawna. Cieszy\u0142 si\u0119, \u017ce Polska zagra z Niemcami w\u0142a\u015bnie w jego mie\u015bcie \u2013 w Bytomiu, zwanym przez Niemc\u00f3w Beuthen. Cieszy\u0142 si\u0119, \u017ce mecz si\u0119 w og\u00f3le odb\u0119dzie, Nie wa\u017cne, jaki b\u0119dzie wynik, ile bramek strzeli wspania\u0142y Ernest Wilimowski, i \u017ce na trybunach b\u0119d\u0105 kanclerz Adenauer i prezydent Rydz-\u015amig\u0142y. Spojrza\u0142 jeszcze raz w kalendarz. Dobrze pami\u0119ta\u0142 tamten straszny sierpie\u0144 sprzed trzech lat. Naprawd\u0119 si\u0119 wtedy ba\u0142. Wojna wisia\u0142a w powietrzu. Kto wie, co by by\u0142o, gdyby nie nag\u0142a \u015bmier\u0107 Adolfa Hitlera i w konsekwencji upadek jego krwawego re\u017cimu\u2026 Ale to nie by\u0142 czas na wspomnienia, ani na gdybanie\u2026 &#8211; Do boju Polsko! Wyr\u00f3\u017cnienie honorowe Pawe\u0142 Tymirski &#8211; Limeryki Mi\u0142o\u015b\u0107 8-bitowa Informatyk z miasta Bytom wyzna\u0142 mi\u0142o\u015b\u0107 o\u015bmiu bitom. Takowe zboczenie wprawia w os\u0142upienie, nie u\u015bmiecha si\u0119 elitom. Chuda judoczka Raz judoczka z miasta Bytom, dzi\u0119ki dobrze zgranym chwytom, wygra\u0142a, cho\u0107 chuda, mo\u017ce jej si\u0119 uda wspi\u0105\u0107 si\u0119 w sporcie hen, ku szczytom. Rycerz bez zbroi Do osady pod Bytomiem przyby\u0142 rycerz ze swym koniem. Zapomnia\u0142 zbroi, cho\u0107 nie przystoi, okrzykni\u0119to go gamoniem. Kamieniarz Raz kamieniarz w mie\u015bcie Bytom wi\u00f3z\u0142 granitu ska\u0142\u0119 lit\u0105 do warsztatu. Nagle, a tu \u2013 wjecha\u0142 w dziur\u0119 w jezdni skryt\u0105. Szanowni Autorzy prac nades\u0142anych na konkurs \u201eBytom w 100 s\u0142owach\u201d &nbsp;Dzi\u0119kujemy, \u017ce zechcieli Pa\u0144stwo podzieli\u0107 si\u0119 z nami swoimi refleksjami i wzi\u0105\u0107 udzia\u0142 w Konkursie. &nbsp;\u0141\u0105czy nas Bytom. Bytom-miasto wyj\u0105tkowe. Wczoraj, 8.10.2020 r. w Auli Pa\u0144stwowych Szk\u00f3\u0142 Budownictwa w Bytomiu odby\u0142a si\u0119 uroczysto\u015b\u0107 rozstrzygni\u0119cia konkursu i wr\u0119czenia nagr\u00f3d w konkursie &#8222;Bytom w 100 s\u0142owach&#8221;. Na konkurs nades\u0142ano 170 prac. Oto protok\u00f3\u0142 Komisji: W dniu 21 wrze\u015bnia 2020 r. komisja konkursowa w sk\u0142adzie: dr hab. Leszek Engelking, Karina Maczuga i Sylwia Tubis wy\u0142oni\u0142a laureat\u00f3w konkursu literackiego &#8222;Bytom w 100 s\u0142owach&#8221;. I miejsce&nbsp;zdoby\u0142a praca pt.&nbsp;&#8222;Noc kryszta\u0142owa 9\/10 XI 1938&#8221;. Autor:&nbsp;Katarzyna Kalus II miejsce&nbsp;&#8211; praca pt. &#8222;Nied\u017awiedzie wynios\u0142y si\u0119 dawno&#8221;.&nbsp;Autor:&nbsp;Kamil Ksi\u0105\u017cek III miejsce&nbsp;&#8211; praca pt.&nbsp;&#8222;Co by by\u0142o gdyby&#8230;&#8221;. Autor:&nbsp;Micha\u0142 Witas Uwag\u0119 Komisji przyku\u0142y r\u00f3wnie\u017c&nbsp;limeryki Paw\u0142a Tymirskiego, kt\u00f3ry otrzyma\u0142&nbsp;wyr\u00f3\u017cnienie honorowe. Zwyci\u0119\u017ccom serdecznie gratulujemy, a wszystkim uczestnikom dzi\u0119kujemy z udzia\u0142 w konkursie. Uroczysto\u015b\u0107 u\u015bwietni\u0142 wyst\u0119p uczni\u00f3w bytomskiej Szko\u0142y Muzycznej: Wiktoria Zawodny w utworze&nbsp;Kaprys polski Gra\u017cyny Bacewicz&nbsp;oraz duet: Aurora Dynowska &#8211; wiolonczela i Jakub Zawodny &#8211; gitara w&nbsp;&nbsp;I cz\u0119\u015bci Sonaty na gitar\u0119 i wiolonczel\u0119 Radamesa Gnattali. Na zako\u0144czenie wyst\u0105pi\u0142 kwartet smyczkowy w sk\u0142adzie: Karolina Karlowska, Magdalena Ogryzek &#8211; skrzypce, Amelia Nowok &#8211; alt\u00f3wka, Natalia Brzezicka &#8211; wiolonczela, wykonuj\u0105c&nbsp;III i IV cz\u0119\u015b\u0107 kwartetu G-dur W. A. Mozarta. Dzi\u0119kujemy go\u015bciom, kt\u00f3rzy zaszczycili uroczysto\u015b\u0107 swoj\u0105 obecno\u015bci\u0105. W tym miejscu chcemy te\u017c podzi\u0119kowa\u0107 tym, bez wsparcia kt\u00f3rych nie uda\u0142oby si\u0119 konkursu zorganizowa\u0107. Dzi\u0119kujemy wi\u0119c\u00a0Urz\u0119dowi Miasta\u00a0za wsparcie finansowe, bytomskim firmom &#8211; Centrum Handlowemu\u00a0AGORA, Centrum Handlowemu\u00a0PLEJADA, dyrekcji\u00a0Pa\u0144stwowych Szk\u00f3\u0142 Budownictwa, dyrekcji\u00a0Bytomskiego Uniwersytetu Trzeciego Wieku, dyrekcji\u00a0Og\u00f3lnokszta\u0142c\u0105cej Szko\u0142y Muzycznej\u00a0I i II stopnia im. F. Chopina oraz naszym\u00a0przyjacio\u0142om i rodzinom. Szanowni Pa\u0144stwo, jest nam niezmiernie mi\u0142o poinfromowa\u0107, \u017ce pomimo &#8211; a mo\u017ce w\u0142a\u015bnie z powodu &#8211; trudnej rzeczywisto\u015bci na nasz konkurs wp\u0142yn\u0119\u0142o ponad 170 prac. Jury jeszcze ci\u0119\u017cko pracuje, bo wyb\u00f3r 3 najlepszych nie jest prosty, ale ju\u017c 8 pa\u017adziernika br. poznamy zwyci\u0119zc\u00f3w. Wszystkim Autorom serdecznie dzi\u0119kujemy i zapraszamy na fina\u0142. Stowarzyszenie Liga Kobiet Nieoboj\u0119tnych oraz Bytomskie Centrum Kultury zapraszaj\u0105 na spaceri spotkanie po\u015bwi\u0119cone bytomskiej piosenkarce Karin Stanek, kt\u00f3re odb\u0119dzie si\u0119 w niedziel\u011927 wrze\u015bnia 2020. Godz. 14:00 \u2013 spacer po Bytomiu \u015bladami Karin Stanek&nbsp;(miejsce wyj\u015bcia spaceru:budynek Wydzia\u0142u Teatru Ta\u0144ca Akademii Sztuk Teatralnych, ul. Pi\u0142sudskiego 24A, Bytom). Godz. 15:15 &#8211; spotkanie muzyczne&nbsp;\u2013 pos\u0142uchamy nieznanych dot\u0105d szerszej publiczno\u015bci piosenek Karin Stanek, w\u015br\u00f3d nich b\u0119d\u0105 tak\u017ce utwory skomponowane przez artystk\u0119 (miejsce: Bytomskie Centrum Kultury, Plac Karin Stanek 1). Spotkanie z udzia\u0142em Bartosza Go\u017adzikowskiego i Stefana Papierowskiego. Projekt wsp\u00f3\u0142finansowany ze \u015brodk\u00f3w Gminy Bytom w ramach projektu &#8222;HER I HIS-STORY. Cykl spotka\u0144 historyczno-kulturalnych&#8221;.Organizator spotkania: Stowarzyszenie Liga Kobiet Nieoboj\u0119tnych, wsp\u00f3\u0142organizator: Bytomskie Centrum Kultury. VIII Og\u00f3lnopolski Konkurs Pie\u015bni Patriotycznej Zapraszamy do udzia\u0142u w VIII Og\u00f3lnopolskim Konkursie Pie\u015bni Patriotycznej pod patronatem Prezydenta Miasta Bytomia, kt\u00f3rego organizatorem s\u0105: Szko\u0142a Podstawowa nr 45 w Bytomiu, M\u0142odzie\u017cowy Dom Kultury nr 2 w Bytomiu i Liga Kobiet Nieoboj\u0119tnych. &nbsp;Przes\u0142uchania konkursowe odb\u0119d\u0105 si\u0119 w II etapach: &nbsp;I etap \u2013 eliminacje&nbsp;\u2013&nbsp; przes\u0142anie nagrania i dokument\u00f3w \u2013 od 01 pa\u017adziernika do 23 pa\u017adziernika 2020 r. &nbsp;II etap \u2013 przes\u0142uchania fina\u0142owe \u201ena \u017cywo\u201d i fina\u0142 z wr\u0119czeniem nagr\u00f3d&nbsp;\u2013 09 listopada&nbsp; 2020 roku w sali ToTu Bytomskiego Centrum Kultury pl. Karin Stanek 1, 41-902 Bytom. &nbsp;Patronat medialny nad konkursem obj\u0119\u0142o&nbsp;\u017bycie Bytomskie. &nbsp;Celem konkursu jest: &nbsp; &nbsp;1. Krzewienie patriotyzmu w\u015br\u00f3d dzieci i m\u0142odzie\u017cy. &nbsp; &nbsp;2. Pobudzenie dzieci i m\u0142odzie\u017cy do wykonywania polskich pie\u015bni patriotycznych. &nbsp; &nbsp;3. Popularyzacja \u015bpiewania w\u015br\u00f3d dzieci i m\u0142odzie\u017cy. &nbsp; &nbsp;4. Promowanie m\u0142odych talent\u00f3w. &nbsp; &nbsp;5. Samokszta\u0142cenie muzyczne, mo\u017cliwo\u015b\u0107 niezale\u017cnej prezentacji utwor\u00f3w o tematyce patriotycznej i&nbsp; narodowej. &nbsp; &nbsp;6. Popularyzacja warto\u015bciowych tre\u015bci muzycznych i literackich w pie\u015bniach. &nbsp;Szczeg\u00f3\u0142y udzia\u0142u w dokumentach poni\u017cej: &nbsp;Regulamin VIII Og\u00f3lnopolskiego Konkursu Pie\u015bni Patriotycznej &nbsp;Karta zg\u0142oszeniowa &nbsp;Zgoda &nbsp;Projekt zosta\u0142&nbsp; dofinansowany ze \u015brodk\u00f3w gminy Bytom Karin Stanek jedna z najwi\u0119kszych gwiazd muzycznych drugiej dekady XX wieku. Hity takie jak \u201eCh\u0142opiec z gitar\u0105\u201d, \u201eMalowana lala\u201d czy te\u017c \u201eJedziemy autostopem\u201d znaj\u0105 ca\u0142e pokolenia, jej piosenki na trwa\u0142e zapisa\u0142y si\u0119 w historii polskiej muzyki. 27 wrze\u015bnia 2020, o godzinie 14:00 wsp\u00f3lnie wybierzemy si\u0119 w podr\u00f3\u017c \u015bladami Karin Stanek po Bytomiu. Na niezwyk\u0142y spacer wyruszmy spod Wydzia\u0142u Teatru Ta\u0144ca (ul. Pi\u0142sudskiego 24A, Bytom). Co nale\u017cy z sob\u0105 zabra\u0107? Telefon typu smartfon + s\u0142uchawki, a w razie niepogody parasol. Spacer poprowadzi Bartosz Go\u017adzikowski, tw\u00f3rca audiobooka o Karin Stanek pt. \u201eW\u0119drowny Nieznajomy\u201d.Fina\u0142 spaceru odb\u0119dzie si\u0119 na Placu Karin Stanek, gdzie zrobimy sobie wsp\u00f3lne pami\u0105tkowe zdj\u0119cie oraz us\u0142yszymy o historii placu imienia tej wielkiej piosenkarki. Po spacerze zapraszamy na spotkanie muzyczne oraz s\u0142odki pocz\u0119stunek do budynku Bytomskiego Centrum Kultury \u2013 us\u0142yszymy nieznane dot\u0105d utwory skomponowane przez Karin Stanek. Spotkanie poprowadzi przyjaciel i propagator tw\u00f3rczo\u015bci &nbsp;Karin Stanek,&nbsp; Stefan Papierowski. Spacer oraz spotkanie potrwaj\u0105 ok. 2 godziny. &nbsp; ZAPISY: Ze wzgl\u0119du na COVID ilo\u015b\u0107 miejsc na spacerze oraz spotkaniu jest ograniczona.&nbsp;Zapisy prowadzi rzecznik prasowy: Ma\u0142gorzata Kami\u0144ska, telefon: 32\/ 389 31 09 w.116; email:&nbsp;m.kaminska@becek.pl. Projekt wsp\u00f3\u0142finansowany ze \u015brodk\u00f3w Gminy Bytom w ramach projektu &#8222;HER I HIS-STORY. Cykl spotka\u0144 historyczno-kulturalnych&#8221;. Organizator spotkania: Stowarzyszenie Liga Kobiet Nieoboj\u0119tnych, wsp\u00f3\u0142organizator: Bytomskie Centrum Kultury. Powoli zaczynamy wraca\u0107 do normalno\u015bci, pora wi\u0119c poinformowa\u0107, kto w tym roku odbierze zaszczytne tytu\u0142y&nbsp;Bytomianki i\u0427\u0438\u0442\u0430\u0442\u044c \u0434\u0430\u043b\u044c\u0448\u0435...","og_url":"https:\/\/musil.home.pl\/kobiety-bytom\/archiwum-2020\/","og_site_name":"Liga Kobiet Nieoboj\u0119tnych","article_publisher":"https:\/\/www.facebook.com\/liga.kobietanieobojetnych\/?locale=pl_PL","og_image":[{"url":"https:\/\/musil.home.pl\/kobiety-bytom\/wp-content\/uploads\/2023\/10\/podzikowanie-str-1.png"}],"twitter_card":"summary_large_image","twitter_misc":{"Szacowany czas czytania":"17 minut"},"schema":{"@context":"https:\/\/schema.org","@graph":[{"@type":"WebPage","@id":"https:\/\/musil.home.pl\/kobiety-bytom\/archiwum-2020\/","url":"https:\/\/musil.home.pl\/kobiety-bytom\/archiwum-2020\/","name":"Archiwum 2020 - Liga Kobiet Nieoboj\u0119tnych","isPartOf":{"@id":"https:\/\/musil.home.pl\/kobiety-bytom\/#website"},"datePublished":"2023-10-09T18:39:17+00:00","dateModified":"2023-10-09T18:39:17+00:00","breadcrumb":{"@id":"https:\/\/musil.home.pl\/kobiety-bytom\/archiwum-2020\/#breadcrumb"},"inLanguage":"pl-PL","potentialAction":[{"@type":"ReadAction","target":["https:\/\/musil.home.pl\/kobiety-bytom\/archiwum-2020\/"]}]},{"@type":"BreadcrumbList","@id":"https:\/\/musil.home.pl\/kobiety-bytom\/archiwum-2020\/#breadcrumb","itemListElement":[{"@type":"ListItem","position":1,"name":"Home","item":"https:\/\/musil.home.pl\/kobiety-bytom\/"},{"@type":"ListItem","position":2,"name":"Archiwum 2020"}]},{"@type":"WebSite","@id":"https:\/\/musil.home.pl\/kobiety-bytom\/#website","url":"https:\/\/musil.home.pl\/kobiety-bytom\/","name":"Liga Kobiet Nieoboj\u0119tnych w Bytomu","description":"Bytom","publisher":{"@id":"https:\/\/musil.home.pl\/kobiety-bytom\/#organization"},"potentialAction":[{"@type":"SearchAction","target":{"@type":"EntryPoint","urlTemplate":"https:\/\/musil.home.pl\/kobiety-bytom\/?s={search_term_string}"},"query-input":"required name=search_term_string"}],"inLanguage":"pl-PL"},{"@type":"Organization","@id":"https:\/\/musil.home.pl\/kobiety-bytom\/#organization","name":"Liga Kobiet Nieoboj\u0119tnych w Bytomu","url":"https:\/\/musil.home.pl\/kobiety-bytom\/","logo":{"@type":"ImageObject","inLanguage":"pl-PL","@id":"https:\/\/musil.home.pl\/kobiety-bytom\/#\/schema\/logo\/image\/","url":"https:\/\/musil.home.pl\/kobiety-bytom\/wp-content\/uploads\/2023\/10\/lkn-350.png","contentUrl":"https:\/\/musil.home.pl\/kobiety-bytom\/wp-content\/uploads\/2023\/10\/lkn-350.png","width":350,"height":350,"caption":"Liga Kobiet Nieoboj\u0119tnych w Bytomu"},"image":{"@id":"https:\/\/musil.home.pl\/kobiety-bytom\/#\/schema\/logo\/image\/"},"sameAs":["https:\/\/www.facebook.com\/liga.kobietanieobojetnych\/?locale=pl_PL"]}]}},"_links":{"self":[{"href":"https:\/\/musil.home.pl\/kobiety-bytom\/wp-json\/wp\/v2\/pages\/610"}],"collection":[{"href":"https:\/\/musil.home.pl\/kobiety-bytom\/wp-json\/wp\/v2\/pages"}],"about":[{"href":"https:\/\/musil.home.pl\/kobiety-bytom\/wp-json\/wp\/v2\/types\/page"}],"author":[{"embeddable":true,"href":"https:\/\/musil.home.pl\/kobiety-bytom\/wp-json\/wp\/v2\/users\/1"}],"replies":[{"embeddable":true,"href":"https:\/\/musil.home.pl\/kobiety-bytom\/wp-json\/wp\/v2\/comments?post=610"}],"version-history":[{"count":1,"href":"https:\/\/musil.home.pl\/kobiety-bytom\/wp-json\/wp\/v2\/pages\/610\/revisions"}],"predecessor-version":[{"id":621,"href":"https:\/\/musil.home.pl\/kobiety-bytom\/wp-json\/wp\/v2\/pages\/610\/revisions\/621"}],"wp:attachment":[{"href":"https:\/\/musil.home.pl\/kobiety-bytom\/wp-json\/wp\/v2\/media?parent=610"}],"curies":[{"name":"wp","href":"https:\/\/api.w.org\/{rel}","templated":true}]}}